{"id":3849,"date":"2023-04-14T07:16:18","date_gmt":"2023-04-14T07:16:18","guid":{"rendered":"https:\/\/transtelsa.com\/?post_type=vehiculo&#038;p=3849"},"modified":"2024-03-20T14:24:14","modified_gmt":"2024-03-20T14:24:14","slug":"policia","status":"publish","type":"vehiculo","link":"https:\/\/transtelsa.com\/pt-pt\/vehiculo\/policia\/","title":{"rendered":"POL\u00cdCIA"},"content":{"rendered":"<div class=\"wpb-content-wrapper\"><p>[vc_section el_class=&#8221;seccion-1400&#8243; css=&#8221;.vc_custom_1680172482803{background-image: url(https:\/\/transtelsa.com\/wp-content\/uploads\/2023\/03\/isotipo-background-transtel-ficha-producto.jpg?id=753) !important;}&#8221;][vc_row][vc_column][vc_raw_html el_class=&#8221;color-blanco,cta-slides-mobile&#8221;]PGEgY2xhc3M9ImxsYW1hci1mb3JtdWxhcmlvLXBlcnNvbmFsaXphciI+IDxoNT48Yj5DQU5ESURBVFVSQSAgPGJyPklORk9STUHDh8OVRVM8L2I+PC9oNT48aSBjbGFzcz0iZmFzIGZhLWFuZ2xlLXJpZ2h0Ij48L2k+ICBQcmVlbmNoZXIgbyBmb3JtdWzDoXJpbzwvYT4KPGkgY2xhc3M9ImZhcyBmYS10aW1lcy1jaXJjbGUiPjwvaT4=[\/vc_raw_html][\/vc_column][\/vc_row][vc_row][vc_column][gsf_space desktop=&#8221;20&#8243; tablet=&#8221;20&#8243; tablet_portrait=&#8221;20&#8243; mobile_landscape=&#8221;20&#8243; mobile=&#8221;20&#8243;][\/vc_column][\/vc_row][vc_row el_class=&#8221;nopadding-mobile&#8221;][vc_column width=&#8221;9\/12&#8243;][vc_row_inner gap=&#8221;30&#8243;][vc_column_inner width=&#8221;7\/12&#8243;][gsf_gallery layout_style=&#8221;thumbnail&#8221; image_size=&#8221;full&#8221; columns=&#8221;4&#8243; columns_md=&#8221;4&#8243; columns_sm=&#8221;4&#8243; columns_xs=&#8221;4&#8243; columns_mb=&#8221;4&#8243; images=&#8221;2314,1833,1836,1842,1845,1848,1851&#8243;][gsf_space desktop=&#8221;0&#8243; tablet=&#8221;0&#8243; tablet_portrait=&#8221;20&#8243; mobile_landscape=&#8221;20&#8243; mobile=&#8221;20&#8243;][\/vc_column_inner][vc_column_inner width=&#8221;5\/12&#8243;][vc_column_text el_class=&#8221;color-negro,h1-vehiculo,mg-bottom-10&#8243;]<\/p>\n<h1><strong>POL\u00cdCIA.<\/strong><\/h1>\n<p>[\/vc_column_text][vc_raw_html el_class=&#8221;mg-bottom-20&#8243;]JTNDc3BhbiUyMGNsYXNzJTNEJTIyY29sb3ItbmVncm8lMjIlM0VWaWF0dXJhcyUyMGRlJTIwcG9sJUMzJUFEY2lhLiUzQyUyRnNwYW4lM0UlMjAlMEElM0NhJTIwaHJlZiUzRCUyMiUyM2ZpY2hhJTIyJTIwY2xhc3MlM0QlMjJjb2xvci1yb2pvJTIyJTNFJTNDc3Ryb25nJTNFVmVqYSUyMG1haXMlM0MlMkZzdHJvbmclM0UlMjAlM0NpJTIwY2xhc3MlM0QlMjJmYXMlMjBmYS1hcnJvdy1yaWdodCUyMiUzRSUzQyUyRmklM0UlM0MlMkZhJTNF[\/vc_raw_html][vc_column_text el_class=&#8221;color-negro,mg-bottom-20,list-angle-dos&#8221;]<\/p>\n<p class=\"p1\"><b>UTILIZA\u00c7\u00d5ES<\/b><\/p>\n<ul class=\"ul1\">\n<li class=\"li1\">Apoio ao transporte m\u00e9dico<\/li>\n<li class=\"li1\">Transporte de pessoas com mobilidade reduzida (PMR)<\/li>\n<li class=\"li1\">Mini-autocarros<\/li>\n<li class=\"li1\">Controlos de seguran\u00e7a para os cidad\u00e3os<\/li>\n<li class=\"li1\">Unidades para a realiza\u00e7\u00e3o de diferentes servi\u00e7os em organismos p\u00fablicos<\/li>\n<\/ul>\n<p>[\/vc_column_text][vc_raw_html el_class=&#8221;popup-i-circle,color-negro,mg-bottom-20,checklist&#8221;]JTNDYiUzRU1PREFMSURBREVTJTIwREUlMjBDT05UUkFUQSVDMyU4NyVDMyU4M08lM0MlMkZiJTNFJTBBJTNDdWwlM0UlMEElMjAlMjAlM0NsaSUzRUFsdWd1ZWwlM0MlMkZsaSUzRSUwQSUyMCUyMCUzQ2xpJTNFQWx1Z3VlbCUyMGZsZXglQzMlQUR2ZWwlMjAlM0NpbWclMjBjbGFzcyUzRCUyMmFsaWdubm9uZSUyMHNpemUtZnVsbCUyMHdwLWltYWdlLTc1NCUyMiUyMHNyYyUzRCUyMmh0dHBzJTNBJTJGJTJGdHJhbnN0ZWxzYS5waXN0b2NvbndlYm8uZXUlMkZ3cC1jb250ZW50JTJGdXBsb2FkcyUyRjIwMjMlMkYwMyUyRmluZm8tY2lyY2xlLnBuZyUyMiUyMGFsdCUyMCUzRCUyMiUyMiUyMGxhcmd1cmElM0QlMjIxMyUyMiUyMGFsdHVyYSUzRCUyMjEzJTIyJTIwJTJGJTNFJTNDJTJGbGklM0UlMEElMjAlMjAlM0NsaSUzRUFsdWd1ZWwlMjBkZSUyMGxvbmdhJTIwZHVyYSVDMyVBNyVDMyVBM28lM0MlMkZsaSUzRSUwQSUzQyUyRnVsJTNFJTBBJTBBJTNDc3BhbiUyMGNsYXNzJTNEJTIyaW5mb3BvcHVwJTIyJTNFJTIyUXVhbmRvJTIwc3VhJTIwZW1wcmVzYSUyMHByZWNpc2ElMjBkZSUyMHVtJTIwdmUlQzMlQURjdWxvJTJDJTIwdm9jJUMzJUFBJTIwbyUyMHRlbS4lMjBFJTIwcXVhbmRvJTIwbiVDMyVBM28lMjBxdWlzZXIlMjBtYWlzJTJDJTIwZGV2b2x2YS1vLiUyMEVzdG9xdWUlMjBwYXJhJTIwYWx1Z3VlbCUyMGZsZXglQzMlQUR2ZWwlMjBkZSUyMDMlMjBhJTIwMjQlMjBtZXNlcy4lMjBGbGV4aWJpbGlkYWRlJTIwbm9zJTIwdGVybW9zJTIwY29udHJhdHVhaXMlMjBlbnRyZSUyMDI0JTIwYSUyMDYwJTIwbWVzZXMlMjAuJTIyJTNDJTJGc3BhbiUzRQ==[\/vc_raw_html][vc_column_text el_class=&#8221;color-negro,mg-bottom-20,lista-etiquetas&#8221;]<b>DISTINTIVO AMBIENTAL<\/b><\/p>\n<p><img loading=\"lazy\" decoding=\"async\" class=\"alignnone size-full wp-image-751\" src=\"https:\/\/transtelsa.com\/wp-content\/uploads\/2023\/03\/distintivo-medioambiental-etiqueta-eco.png\" alt=\"\" width=\"88\" height=\"89\" \/>\u00a0 \u00a0 \u00a0 o\u00a0 \u00a0 \u00a0 <img loading=\"lazy\" decoding=\"async\" class=\"alignnone size-full wp-image-750\" src=\"https:\/\/transtelsa.com\/wp-content\/uploads\/2023\/03\/distintivo-medioambiental-etiqueta-c.png\" alt=\"\" width=\"88\" height=\"89\" \/>\u00a0 \u00a0 \u00a0o\u00a0 \u00a0 \u00a0<img loading=\"lazy\" decoding=\"async\" class=\"alignnone size-full wp-image-2012\" src=\"https:\/\/transtelsa.com\/wp-content\/uploads\/2023\/04\/etiqueta-medioambiental-0.png\" alt=\"\" width=\"88\" height=\"89\" \/>[\/vc_column_text][vc_column_text el_class=&#8221;mg-bottom-20,color-rojo&#8221;]<strong>*\u00c9 necess\u00e1ria licen\u00e7a tipo B para dirigir este ve\u00edculo<\/strong>[\/vc_column_text][\/vc_column_inner][\/vc_row_inner][gsf_space desktop=&#8221;90&#8243; tablet=&#8221;70&#8243; tablet_portrait=&#8221;60&#8243; mobile_landscape=&#8221;50&#8243; mobile=&#8221;40&#8243;][vc_tta_tabs][vc_tta_section title=&#8221;V\u00eddeo&#8221; tab_id=&#8221;1681456319797-dac21472-6c91&#8243;][vc_column_text el_class=&#8221;color-negro,mg-bottom-20,list-angle-dos&#8221;]<\/p>\n<p>https:\/\/youtu.be\/5odqR5X-4xA[\/vc_column_text][\/vc_tta_section][vc_tta_section title=&#8221;Descri\u00e7\u00e3o&#8221; tab_id=&#8221;descripcion&#8221;][vc_column_text el_class=&#8221;color-negro,mg-bottom-20,list-angle-dos&#8221;]<\/p>\n<p class=\"p1\"><b>DESCRI\u00c7\u00c3O<\/b><\/p>\n<p class=\"p1\">Com as ambul\u00e2ncias, a pol\u00edcia e os ve\u00edculos para pessoas com mobilidade reduzida, procuramos ajudar tanto o Corpo de Estado como este tipo de pessoas. S\u00e3o normalmente constru\u00eddos sobre uma carrinha, proporcionando-lhes um conforto e uma ergonomia excepcionais. Permitindo uma habitabilidade no interior para poder enfrentar qualquer tipo de situa\u00e7\u00e3o. Incluem ve\u00edculos de Suporte B\u00e1sico ou Avan\u00e7ado de Vida e, no caso dos ve\u00edculos policiais, com ou sem kit de deten\u00e7\u00e3o e a carrinha de atestado.<\/p>\n<p>[\/vc_column_text][\/vc_tta_section][vc_tta_section title=&#8221;Ficha t\u00e9cnica&#8221; tab_id=&#8221;ficha&#8221;][vc_column_text el_class=&#8221;color-negro,tabla-renting,tabla-ficha&#8221;]<\/p>\n<p class=\"p1\"><b>FICHA T\u00c9CNICA <\/b><\/p>\n<table class=\"t1\" cellspacing=\"0\" cellpadding=\"0\">\n<tbody>\n<tr>\n<td class=\"td1\" valign=\"middle\">\n<p class=\"p2\"><b>Marca<\/b><\/p>\n<\/td>\n<td class=\"td1\" valign=\"middle\">\n<p class=\"p2\">Todas as marcas<\/p>\n<\/td>\n<\/tr>\n<tr>\n<td class=\"td1\" valign=\"middle\">\n<p class=\"p2\"><b>MMA<\/b><\/p>\n<\/td>\n<td class=\"td1\" valign=\"middle\">\n<p class=\"p2\"><span class=\"s1\">A partir d<\/span>e 3.500 Kg<\/p>\n<\/td>\n<\/tr>\n<tr>\n<td class=\"td1\" valign=\"middle\">\n<p class=\"p2\"><b>Tipo de caixa<\/b><\/p>\n<\/td>\n<td class=\"td1\" valign=\"middle\">\n<p class=\"p2\">Manual ou autom\u00e1tico<\/p>\n<\/td>\n<\/tr>\n<tr>\n<td class=\"td1\" valign=\"middle\">\n<p class=\"p2\"><b>N\u00famero de lugares<\/b><\/p>\n<\/td>\n<td class=\"td1\" valign=\"middle\">\n<p class=\"p2\">Cinco<\/p>\n<\/td>\n<\/tr>\n<tr>\n<td class=\"td1\" valign=\"middle\">\n<p class=\"p2\"><b>Equipamento<\/b><\/p>\n<\/td>\n<td class=\"td1\" valign=\"middle\">\n<p class=\"p2\">A\/A<span class=\"s1\"><br \/>\n<\/span>Bluetooth<\/p>\n<\/td>\n<\/tr>\n<tr>\n<td class=\"td1\" valign=\"middle\">\n<p class=\"p2\"><b>Combust\u00edvel<\/b><\/p>\n<\/td>\n<td class=\"td1\" valign=\"middle\">\n<p class=\"p2\">Diesel EURO 6 \/ Gasolina\/<span class=\"Apple-converted-space\">\u00a0 <\/span>Gas \/ GNC \/ GLP \/ El\u00e9ctrico<\/p>\n<\/td>\n<\/tr>\n<tr>\n<td class=\"td1\" valign=\"middle\">\n<p class=\"p2\"><b>Etiqueta<\/b><\/p>\n<\/td>\n<td class=\"td1\" valign=\"middle\">\n<p class=\"p2\">C \/ ECO \/ 0 emiss\u00f5es<\/p>\n<\/td>\n<\/tr>\n<tr>\n<td class=\"td1\" valign=\"middle\">\n<p class=\"p2\"><b>Equipamento especial<\/b><\/p>\n<\/td>\n<td class=\"td1\" valign=\"middle\">\n<p class=\"p2\">Com Kit de Pol\u00edcia<\/p>\n<p class=\"p2\">Sem Kit de Pol\u00edcia<\/p>\n<p class=\"p2\">Carrinha sobrelotada<\/p>\n<\/td>\n<\/tr>\n<tr>\n<td class=\"td1\" valign=\"middle\">\n<p class=\"p2\"><b>Servi\u00e7o de Localiza\u00e7\u00e3o<\/b><\/p>\n<\/td>\n<td class=\"td1\" valign=\"middle\">\n<p class=\"p2\">Falar com o departamento comercial<\/p>\n<\/td>\n<\/tr>\n<\/tbody>\n<\/table>\n<p class=\"p1\">*Aprova\u00e7\u00e3o de acordo com os regulamentos<\/p>\n<p>[\/vc_column_text][\/vc_tta_section][\/vc_tta_tabs][\/vc_column][vc_column el_class=&#8221;col-sticky,hide-mobile&#8221; width=&#8221;3\/12&#8243;][vc_row_inner el_class=&#8221;black-form&#8221;][vc_column_inner]\n<div class=\"wpcf7 no-js\" id=\"wpcf7-f3364-o1\" lang=\"pt-PT\" dir=\"ltr\" data-wpcf7-id=\"3364\">\n<div class=\"screen-reader-response\"><p role=\"status\" aria-live=\"polite\" aria-atomic=\"true\"><\/p> <ul><\/ul><\/div>\n<form action=\"\/pt-pt\/wp-json\/wp\/v2\/vehiculo\/3849#wpcf7-f3364-o1\" method=\"post\" class=\"wpcf7-form init 2f93db486c55 cmatic-conn cmatic-aud-1 cmatic-mapd0-0 cmatic-v0974 cmatic-sent-0 cmatic-total-0\" aria-label=\"Formul\u00e1rio de contacto\" novalidate=\"novalidate\" data-status=\"init\">\n<fieldset class=\"hidden-fields-container\"><input type=\"hidden\" name=\"_wpcf7\" value=\"3364\" \/><input type=\"hidden\" name=\"_wpcf7_version\" value=\"6.1.4\" \/><input type=\"hidden\" name=\"_wpcf7_locale\" value=\"pt_PT\" \/><input type=\"hidden\" name=\"_wpcf7_unit_tag\" value=\"wpcf7-f3364-o1\" \/><input type=\"hidden\" name=\"_wpcf7_container_post\" value=\"0\" \/><input type=\"hidden\" name=\"_wpcf7_posted_data_hash\" value=\"\" \/>\n<\/fieldset>\n<div class=\"form-custom\">\n\t<div class=\"row\">\n\t\t<div class=\"vc_col-xs-12 align-center color-negro\">\n\t\t\t<h5><b>PEDIDO DE INFORMA\u00c7\u00c3O<\/b>\n\t\t\t<\/h5>\n\t\t<\/div>\n\t\t<div class=\"vc_col-xs-12 align-center color-negro mg-bottom-15\">\n\t\t\t<p><b>Preencha o seguinte formul\u00e1rio e entraremos em contacto consigo o mais rapidamente poss\u00edvel.<\/b>\n\t\t\t<\/p>\n\t\t<\/div>\n\t\t<div class=\"vc_col-sm-6 vc_col-xs-6\">\n\t\t\t<p><span class=\"wpcf7-form-control-wrap\" data-name=\"nombre\"><input size=\"40\" maxlength=\"400\" class=\"wpcf7-form-control wpcf7-text wpcf7-validates-as-required\" aria-required=\"true\" aria-invalid=\"false\" placeholder=\"Nome*\" value=\"\" type=\"text\" name=\"nombre\" \/><\/span>\n\t\t\t<\/p>\n\t\t<\/div>\n\t\t<div class=\"vc_col-sm-6 vc_col-xs-6\">\n\t\t\t<p><span class=\"wpcf7-form-control-wrap\" data-name=\"apellidos\"><input size=\"40\" maxlength=\"400\" class=\"wpcf7-form-control wpcf7-text wpcf7-validates-as-required\" aria-required=\"true\" aria-invalid=\"false\" placeholder=\"Apelido\" value=\"\" type=\"text\" name=\"apellidos\" \/><\/span>\n\t\t\t<\/p>\n\t\t<\/div>\n\t\t<div class=\"vc_col-sm-6 vc_col-xs-6\">\n\t\t\t<p><span class=\"wpcf7-form-control-wrap\" data-name=\"email-668\"><input size=\"40\" maxlength=\"400\" class=\"wpcf7-form-control wpcf7-email wpcf7-validates-as-required wpcf7-text wpcf7-validates-as-email\" aria-required=\"true\" aria-invalid=\"false\" placeholder=\"O seu endere\u00e7o eletr\u00f3nico\" value=\"\" type=\"email\" name=\"email-668\" \/><\/span>\n\t\t\t<\/p>\n\t\t<\/div>\n\t\t<div class=\"vc_col-sm-6 vc_col-xs-6\">\n\t\t\t<p><span class=\"wpcf7-form-control-wrap\" data-name=\"telefono\"><input size=\"40\" maxlength=\"400\" class=\"wpcf7-form-control wpcf7-text wpcf7-validates-as-required\" aria-required=\"true\" aria-invalid=\"false\" placeholder=\"Telem\u00f3vel*\" value=\"\" type=\"text\" name=\"telefono\" \/><\/span>\n\t\t\t<\/p>\n\t\t<\/div>\n\t\t<div class=\"vc_col-xs-12\">\n\t\t\t<p><span class=\"wpcf7-form-control-wrap\" data-name=\"localizacion\"><input size=\"40\" maxlength=\"400\" class=\"wpcf7-form-control wpcf7-text wpcf7-validates-as-required\" aria-required=\"true\" aria-invalid=\"false\" placeholder=\"Localiza\u00e7\u00e3o\" value=\"\" type=\"text\" name=\"localizacion\" \/><\/span>\n\t\t\t<\/p>\n\t\t<\/div>\n\t\t<div class=\"vc_col-xs-12\">\n\t\t\t<p><span class=\"wpcf7-form-control-wrap\" data-name=\"empresa\"><input size=\"40\" maxlength=\"400\" class=\"wpcf7-form-control wpcf7-text wpcf7-validates-as-required\" aria-required=\"true\" aria-invalid=\"false\" placeholder=\"Nome da empresa*\" value=\"\" type=\"text\" name=\"empresa\" \/><\/span>\n\t\t\t<\/p>\n\t\t<\/div>\n\t\t<div class=\"vc_col-xs-12 color-negro mg-bottom-20\">\n\t\t\t<h6><b>TIPO DE RECRUTAMENTO<\/b>\n\t\t\t<\/h6>\n\t\t<\/div>\n\t\t<div class=\"vc_col-sm-3 vc_col-xs-6\">\n\t\t\t<p><label class=\"label-absoluto\">Data de in\u00edcio<\/label><span class=\"wpcf7-form-control-wrap\" data-name=\"date-start\"><input size=\"40\" maxlength=\"400\" class=\"wpcf7-form-control wpcf7-text wpcf7-validates-as-required\" aria-required=\"true\" aria-invalid=\"false\" placeholder=\"MM\/AA\" value=\"\" type=\"text\" name=\"date-start\" \/><\/span>\n\t\t\t<\/p>\n\t\t<\/div>\n\t\t<div class=\"vc_col-sm-3 vc_col-xs-6\">\n\t\t\t<p><label class=\"label-absoluto\">Data final<\/label><span class=\"wpcf7-form-control-wrap\" data-name=\"date-end\"><input size=\"40\" maxlength=\"400\" class=\"wpcf7-form-control wpcf7-text wpcf7-validates-as-required\" aria-required=\"true\" aria-invalid=\"false\" placeholder=\"MM\/AA\" value=\"\" type=\"text\" name=\"date-end\" \/><\/span>\n\t\t\t<\/p>\n\t\t<\/div>\n\t\t<div class=\"vc_col-sm-6 vc_col-xs-12\">\n\t\t\t<p><label class=\"label-absoluto\">Tipo de contrato<\/label><span class=\"wpcf7-form-control-wrap\" data-name=\"modalidad\"><select class=\"wpcf7-form-control wpcf7-select wpcf7-validates-as-required\" aria-required=\"true\" aria-invalid=\"false\" name=\"modalidad\"><option value=\"\">&#8212;Por favor escolha uma op\u00e7\u00e3o&#8212;<\/option><option value=\"Renting\">Renting<\/option><option value=\"Renting Flexible\">Renting Flexible<\/option><option value=\"No lo s\u00e9\">No lo s\u00e9<\/option><\/select><\/span>\n\t\t\t<\/p>\n\t\t<\/div>\n\t\t<div class=\"vc_col-sm-6 vc_col-xs-12\">\n\t\t\t<p><label class=\"label-absoluto\">Sede social<\/label><span class=\"wpcf7-form-control-wrap\" data-name=\"ubicacion\"><select class=\"wpcf7-form-control wpcf7-select wpcf7-validates-as-required\" aria-required=\"true\" aria-invalid=\"false\" name=\"ubicacion\"><option value=\"\">&#8212;Por favor escolha uma op\u00e7\u00e3o&#8212;<\/option><option value=\"Valencia\">Valencia<\/option><option value=\"Madrid\">Madrid<\/option><option value=\"Barcelona\">Barcelona<\/option><option value=\"Portugal\">Portugal<\/option><option value=\"Sevilla\">Sevilla<\/option><option value=\"Bilbao\">Bilbao<\/option><option value=\"No lo s\u00e9\">No lo s\u00e9<\/option><\/select><\/span>\n\t\t\t<\/p>\n\t\t<\/div>\n\t\t<div class=\"vc_col-sm-6 vc_col-xs-12\">\n\t\t\t<p><label class=\"label-absoluto\">N\u00famero de ve\u00edculos*<\/label><span class=\"wpcf7-form-control-wrap\" data-name=\"vehiculos\"><select class=\"wpcf7-form-control wpcf7-select wpcf7-validates-as-required\" aria-required=\"true\" aria-invalid=\"false\" name=\"vehiculos\"><option value=\"\">&#8212;Por favor escolha uma op\u00e7\u00e3o&#8212;<\/option><option value=\"1\">1<\/option><option value=\"2\">2<\/option><option value=\"3\">3<\/option><option value=\"4\">4<\/option><option value=\"5\">5<\/option><option value=\"6\">6<\/option><option value=\"No lo s\u00e9\">No lo s\u00e9<\/option><\/select><\/span>\n\t\t\t<\/p>\n\t\t<\/div>\n\t\t<div class=\"vc_col-xs-12 small-area\">\n\t\t\t<p><span class=\"wpcf7-form-control-wrap\" data-name=\"textarea-660\"><textarea cols=\"40\" rows=\"10\" maxlength=\"2000\" class=\"wpcf7-form-control wpcf7-textarea wpcf7-validates-as-required\" aria-required=\"true\" aria-invalid=\"false\" placeholder=\"Observa\u00e7\u00f5es\" name=\"textarea-660\"><\/textarea><\/span>\n\t\t\t<\/p>\n\t\t<\/div>\n\t\t<div class=\"vc_col-sm-6 vc_col-xs-12\">\n\t\t<\/div>\n\t\t<div class=\"vc_col-xs-12 fila-politicas\">\n\t\t\t<div>\n\t\t\t\t<p><span class=\"wpcf7-form-control-wrap\" data-name=\"acceptance-743\"><span class=\"wpcf7-form-control wpcf7-checkbox wpcf7-validates-as-required\"><span class=\"wpcf7-list-item first last\"><input type=\"checkbox\" name=\"acceptance-743[]\" value=\"S\u00ed\" \/><span class=\"wpcf7-list-item-label\">S\u00ed<\/span><\/span><\/span><\/span> Sim,li e aceito a<strong><br \/>\n<a href=\"\/politica-de-privacidad\" target=\"_blank\" class=\"color-principal\">pol\u00edtica de privacidade<\/a><br \/>\n<\/strong>\n\t\t\t\t<\/p>\n\t\t\t<\/div>\n\t\t\t<div>\n\t\t\t\t<p><span class=\"wpcf7-form-control-wrap\" data-name=\"aceptacion-publi\"><span class=\"wpcf7-form-control wpcf7-checkbox\"><span class=\"wpcf7-list-item first last\"><input type=\"checkbox\" name=\"aceptacion-publi[]\" value=\"S\u00ed\" \/><span class=\"wpcf7-list-item-label\">S\u00ed<\/span><\/span><\/span><\/span> Sim, aceito receber not\u00edcias da <strong class=\"color-principal\">TransTel SA<\/strong>\n\t\t\t\t<\/p>\n\t\t\t<\/div>\n\t\t<\/div>\n\t\t<div class=\"ocultar-fila\">\n\t\t\t<p><span class=\"wpcf7-form-control-wrap\" data-name=\"form-name\"><input size=\"40\" maxlength=\"400\" class=\"wpcf7-form-control wpcf7-text\" aria-invalid=\"false\" value=\"Formul\u00e1riodeor\u00e7amento\" type=\"text\" name=\"form-name\" \/><\/span>\n\t\t\t<\/p>\n\t\t<\/div>\n\t\t<div class=\"vc_col-xs-12 fuente-principal align-center\">\n\t\t\t<p><input class=\"wpcf7-form-control wpcf7-submit has-spinner\" type=\"submit\" value=\"ENVIAR\" \/>\n\t\t\t<\/p>\n\t\t<\/div>\n\t\t<p><span id=\"wpcf7-69f4da3745c27-wrapper\" class=\"wpcf7-form-control-wrap your-name-wrap\" style=\"display:none !important; visibility:hidden !important;\"><label for=\"wpcf7-69f4da3745c27-field\" class=\"hp-message\">Please leave this field empty.<\/label><input id=\"wpcf7-69f4da3745c27-field\"  class=\"wpcf7-form-control wpcf7-text\" type=\"text\" name=\"your-name\" value=\"\" size=\"40\" tabindex=\"-1\" autocomplete=\"new-password\" \/><\/span>\n\t\t<\/p>\n\t<\/div>\n<\/div><div class=\"wpcf7-response-output\" aria-hidden=\"true\"><\/div>\n<\/form>\n<\/div>\n[\/vc_column_inner][\/vc_row_inner][\/vc_column][\/vc_row][vc_row][vc_column][gsf_space desktop=&#8221;90&#8243; tablet=&#8221;70&#8243; tablet_portrait=&#8221;60&#8243; mobile_landscape=&#8221;50&#8243; mobile=&#8221;40&#8243;][\/vc_column][\/vc_row][\/vc_section][vc_row content_width=&#8221;full&#8221;][vc_column]<div class=\"templatera_shortcode\">\t\t<section class=\"vc_section vc_custom_1680159202559 vc_section-has-fill\">\n\t\t\t\t\t\t\t<div class=\"gf-container container\">\n\t\t\t\t\t\t\t\t\t<div class=\"vc_row wpb_row vc_row-fluid\">\n            \t\t\t\t\t\t\t<div class=\"gf-container container\">\n\t\t\t\t\t\t\t\t<div class=\"wpb_column vc_column_container vc_col-sm-12\"><div class=\"vc_column-inner\"><div class=\"wpb_wrapper\"><div class=\"g5plus-space space-69f4da37479ef\" data-id=\"69f4da37479ef\" data-tablet=\"70\" data-tablet-portrait=\"60\" data-mobile=\"40\" data-mobile-landscape=\"50\" style=\"clear: both; display: block; height: 90px\"><\/div><\/div><\/div><\/div>\t\t\t\t\t\t\t<\/div>\n\t\t\t\n\t\t<\/div>\n\t\t<div class=\"vc_row wpb_row vc_row-fluid\">\n            \t\t\t\t\t\t\t<div class=\"gf-container container\">\n\t\t\t\t\t\t\t\t<div class=\"wpb_column vc_column_container vc_col-sm-12\"><div class=\"vc_column-inner\"><div class=\"wpb_wrapper\">\n\t<div class=\"wpb_text_column wpb_content_element color-blanco align-center mg-bottom-10\" >\n\t\t<div class=\"wpb_wrapper\">\n\t\t\t<h2><strong>A EXCEL\u00caNCIA DO SERVI\u00c7O TRANSTEL<\/strong><\/h2>\n\n\t\t<\/div>\n\t<\/div>\n\n\t<div class=\"wpb_text_column wpb_content_element color-blanco align-center mg-bottom-30\" >\n\t\t<div class=\"wpb_wrapper\">\n\t\t\t<h5><strong>Anos de especializa\u00e7\u00e3o tornaram-nos l\u00edderes no sector do aluguer e do renting de ve\u00edculos comerciais, com um servi\u00e7o que responde \u00e0s necessidades mais exigentes.<\/strong><\/h5>\n\n\t\t<\/div>\n\t<\/div>\n<\/div><\/div><\/div>\t\t\t\t\t\t\t<\/div>\n\t\t\t\n\t\t<\/div>\n\t\t<div class=\"vc_row wpb_row vc_row-fluid align-center-mobile vc_row-o-equal-height vc_row-flex\">\n            \t\t\t\t\t\t\t<div class=\"gf-container container\">\n\t\t\t\t\t\t\t\t<div class=\"wpb_column vc_column_container vc_col-sm-3 vc_col-lg-3 vc_col-md-6 vc_col-xs-6\"><div class=\"vc_column-inner\"><div class=\"wpb_wrapper\"><div class=\"vc_row wpb_row vc_inner vc_row-fluid iconos-contacto\"><div class=\"wpb_column vc_column_container vc_col-sm-12\"><div class=\"vc_column-inner\"><div class=\"wpb_wrapper\">\n\t<div  class=\"wpb_single_image wpb_content_element vc_align_left wpb_content_element\">\n\t\t\n\t\t<figure class=\"wpb_wrapper vc_figure\">\n\t\t\t<div class=\"vc_single_image-wrapper   vc_box_border_grey\"><img loading=\"lazy\" decoding=\"async\" width=\"76\" height=\"76\" src=\"https:\/\/transtelsa.com\/wp-content\/uploads\/2023\/03\/icono-asesoria-sobre-vehiculos-y-estudio-de-soluciones-para-proyectos-a-medida.png\" class=\"vc_single_image-img attachment-full\" alt=\"icono asesoria sobre vehiculos y estudio de soluciones para proyectos a medida\" title=\"icono asesoria sobre vehiculos y estudio de soluciones para proyectos a medida\" \/><\/div>\n\t\t<\/figure>\n\t<\/div>\n\n\t<div class=\"wpb_text_column wpb_content_element color-blanco\" >\n\t\t<div class=\"wpb_wrapper\">\n\t\t\t<p>Consultoria autom\u00f3vel e estudo de solu\u00e7\u00f5es para projectos \u00e0 medida.<\/p>\n\n\t\t<\/div>\n\t<\/div>\n<\/div><\/div><\/div><\/div><\/div><\/div><\/div><div class=\"wpb_column vc_column_container vc_col-sm-3 vc_col-lg-3 vc_col-md-6 vc_col-xs-6\"><div class=\"vc_column-inner\"><div class=\"wpb_wrapper\"><div class=\"vc_row wpb_row vc_inner vc_row-fluid iconos-contacto\"><div class=\"wpb_column vc_column_container vc_col-sm-12\"><div class=\"vc_column-inner\"><div class=\"wpb_wrapper\">\n\t<div  class=\"wpb_single_image wpb_content_element vc_align_left wpb_content_element\">\n\t\t\n\t\t<figure class=\"wpb_wrapper vc_figure\">\n\t\t\t<div class=\"vc_single_image-wrapper   vc_box_border_grey\"><img loading=\"lazy\" decoding=\"async\" width=\"78\" height=\"77\" src=\"https:\/\/transtelsa.com\/wp-content\/uploads\/2023\/03\/icono-servicio-de-entrega-de-los-vehiculos-llave-en-mano.png\" class=\"vc_single_image-img attachment-full\" alt=\"icono servicio de entrega de los vehiculos llave en mano\" title=\"icono servicio de entrega de los vehiculos llave en mano\" \/><\/div>\n\t\t<\/figure>\n\t<\/div>\n\n\t<div class=\"wpb_text_column wpb_content_element color-blanco\" >\n\t\t<div class=\"wpb_wrapper\">\n\t\t\t<p>Servi\u00e7o de entrega de ve\u00edculos chave na m\u00e3o no endere\u00e7o do cliente<\/p>\n\n\t\t<\/div>\n\t<\/div>\n<\/div><\/div><\/div><\/div><\/div><\/div><\/div><div class=\"wpb_column vc_column_container vc_col-sm-3 vc_col-lg-3 vc_col-md-6 vc_col-xs-6\"><div class=\"vc_column-inner\"><div class=\"wpb_wrapper\"><div class=\"vc_row wpb_row vc_inner vc_row-fluid iconos-contacto\"><div class=\"wpb_column vc_column_container vc_col-sm-12\"><div class=\"vc_column-inner\"><div class=\"wpb_wrapper\">\n\t<div  class=\"wpb_single_image wpb_content_element vc_align_left wpb_content_element\">\n\t\t\n\t\t<figure class=\"wpb_wrapper vc_figure\">\n\t\t\t<div class=\"vc_single_image-wrapper   vc_box_border_grey\"><img loading=\"lazy\" decoding=\"async\" width=\"78\" height=\"77\" src=\"https:\/\/transtelsa.com\/wp-content\/uploads\/2023\/03\/icono-unidades-de-preentrega-disponibles-para-renting-a-largo-plazo.png\" class=\"vc_single_image-img attachment-full\" alt=\"icono unidades de preentrega disponibles para renting a largo plazo\" title=\"icono unidades de preentrega disponibles para renting a largo plazo\" \/><\/div>\n\t\t<\/figure>\n\t<\/div>\n\n\t<div class=\"wpb_text_column wpb_content_element color-blanco\" >\n\t\t<div class=\"wpb_wrapper\">\n\t\t\t<p>Unidades de pr\u00e9-entrega dispon\u00edveis para aluguer de longa dura\u00e7\u00e3o<\/p>\n\n\t\t<\/div>\n\t<\/div>\n<\/div><\/div><\/div><\/div><\/div><\/div><\/div><div class=\"wpb_column vc_column_container vc_col-sm-3 vc_col-lg-3 vc_col-md-6 vc_col-xs-6\"><div class=\"vc_column-inner\"><div class=\"wpb_wrapper\"><div class=\"vc_row wpb_row vc_inner vc_row-fluid iconos-contacto\"><div class=\"wpb_column vc_column_container vc_col-sm-12\"><div class=\"vc_column-inner\"><div class=\"wpb_wrapper\">\n\t<div  class=\"wpb_single_image wpb_content_element vc_align_left wpb_content_element\">\n\t\t\n\t\t<figure class=\"wpb_wrapper vc_figure\">\n\t\t\t<div class=\"vc_single_image-wrapper   vc_box_border_grey\"><img loading=\"lazy\" decoding=\"async\" width=\"78\" height=\"77\" src=\"https:\/\/transtelsa.com\/wp-content\/uploads\/2023\/03\/icono-plazos-de-contratacion-y-kilometrajes-flexibles-con-nuestro-renting-flexible.png\" class=\"vc_single_image-img attachment-full\" alt=\"icono plazos de contratacion y kilometrajes flexibles con nuestro renting flexible\" title=\"icono plazos de contratacion y kilometrajes flexibles con nuestro renting flexible\" \/><\/div>\n\t\t<\/figure>\n\t<\/div>\n\n\t<div class=\"wpb_text_column wpb_content_element color-blanco\" >\n\t\t<div class=\"wpb_wrapper\">\n\t\t\t<p>Condi\u00e7\u00f5es de aluguer e quilometragem flex\u00edveis com o nosso Flexible Renting<\/p>\n\n\t\t<\/div>\n\t<\/div>\n<\/div><\/div><\/div><\/div><\/div><\/div><\/div>\t\t\t\t\t\t\t<\/div>\n\t\t\t\n\t\t<\/div>\n\t\t<div class=\"vc_row wpb_row vc_row-fluid align-center-mobile vc_row-o-equal-height vc_row-flex\">\n            \t\t\t\t\t\t\t<div class=\"gf-container container\">\n\t\t\t\t\t\t\t\t<div class=\"wpb_column vc_column_container vc_col-sm-3 vc_col-lg-3 vc_col-md-6 vc_col-xs-6\"><div class=\"vc_column-inner\"><div class=\"wpb_wrapper\"><div class=\"vc_row wpb_row vc_inner vc_row-fluid iconos-contacto\"><div class=\"wpb_column vc_column_container vc_col-sm-12\"><div class=\"vc_column-inner\"><div class=\"wpb_wrapper\">\n\t<div  class=\"wpb_single_image wpb_content_element vc_align_left wpb_content_element\">\n\t\t\n\t\t<figure class=\"wpb_wrapper vc_figure\">\n\t\t\t<div class=\"vc_single_image-wrapper   vc_box_border_grey\"><img loading=\"lazy\" decoding=\"async\" width=\"78\" height=\"77\" src=\"https:\/\/transtelsa.com\/wp-content\/uploads\/2023\/03\/icono-atencion-agil-y-eficiente-con-un-unico-interlocutor.png\" class=\"vc_single_image-img attachment-full\" alt=\"icono atencion agil y eficiente con un unico interlocutor\" title=\"icono atencion agil y eficiente con un unico interlocutor\" \/><\/div>\n\t\t<\/figure>\n\t<\/div>\n\n\t<div class=\"wpb_text_column wpb_content_element color-blanco\" >\n\t\t<div class=\"wpb_wrapper\">\n\t\t\t<p>Servi\u00e7o r\u00e1pido e eficaz com uma \u00fanica pessoa de contacto<\/p>\n\n\t\t<\/div>\n\t<\/div>\n<\/div><\/div><\/div><\/div><\/div><\/div><\/div><div class=\"wpb_column vc_column_container vc_col-sm-3 vc_col-lg-3 vc_col-md-6 vc_col-xs-6\"><div class=\"vc_column-inner\"><div class=\"wpb_wrapper\"><div class=\"vc_row wpb_row vc_inner vc_row-fluid iconos-contacto\"><div class=\"wpb_column vc_column_container vc_col-sm-12\"><div class=\"vc_column-inner\"><div class=\"wpb_wrapper\">\n\t<div  class=\"wpb_single_image wpb_content_element vc_align_left wpb_content_element\">\n\t\t\n\t\t<figure class=\"wpb_wrapper vc_figure\">\n\t\t\t<div class=\"vc_single_image-wrapper   vc_box_border_grey\"><img loading=\"lazy\" decoding=\"async\" width=\"78\" height=\"77\" src=\"https:\/\/transtelsa.com\/wp-content\/uploads\/2023\/03\/icono-sustitucion-de-neumaticos-incluida.png\" class=\"vc_single_image-img attachment-full\" alt=\"icono sustitucion de neumaticos incluida\" title=\"icono sustitucion de neumaticos incluida\" \/><\/div>\n\t\t<\/figure>\n\t<\/div>\n\n\t<div class=\"wpb_text_column wpb_content_element color-blanco\" >\n\t\t<div class=\"wpb_wrapper\">\n\t\t\t<p>Substitui\u00e7\u00e3o dos pneus inclu\u00edda<\/p>\n\n\t\t<\/div>\n\t<\/div>\n<\/div><\/div><\/div><\/div><\/div><\/div><\/div><div class=\"wpb_column vc_column_container vc_col-sm-3 vc_col-lg-3 vc_col-md-6 vc_col-xs-6\"><div class=\"vc_column-inner\"><div class=\"wpb_wrapper\"><div class=\"vc_row wpb_row vc_inner vc_row-fluid iconos-contacto\"><div class=\"wpb_column vc_column_container vc_col-sm-12\"><div class=\"vc_column-inner\"><div class=\"wpb_wrapper\">\n\t<div  class=\"wpb_single_image wpb_content_element vc_align_left wpb_content_element\">\n\t\t\n\t\t<figure class=\"wpb_wrapper vc_figure\">\n\t\t\t<div class=\"vc_single_image-wrapper   vc_box_border_grey\"><img loading=\"lazy\" decoding=\"async\" width=\"78\" height=\"77\" src=\"https:\/\/transtelsa.com\/wp-content\/uploads\/2023\/03\/icono-seguro-con-cobertura-a-todo-riesgo.png\" class=\"vc_single_image-img attachment-full\" alt=\"icono seguro con cobertura a todo riesgo\" title=\"icono seguro con cobertura a todo riesgo\" \/><\/div>\n\t\t<\/figure>\n\t<\/div>\n\n\t<div class=\"wpb_text_column wpb_content_element color-blanco\" >\n\t\t<div class=\"wpb_wrapper\">\n\t\t\t<p>Cobertura de seguro completa<\/p>\n\n\t\t<\/div>\n\t<\/div>\n<\/div><\/div><\/div><\/div><\/div><\/div><\/div><div class=\"wpb_column vc_column_container vc_col-sm-3 vc_col-lg-3 vc_col-md-6 vc_col-xs-6\"><div class=\"vc_column-inner\"><div class=\"wpb_wrapper\"><div class=\"vc_row wpb_row vc_inner vc_row-fluid iconos-contacto\"><div class=\"wpb_column vc_column_container vc_col-sm-12\"><div class=\"vc_column-inner\"><div class=\"wpb_wrapper\">\n\t<div  class=\"wpb_single_image wpb_content_element vc_align_left wpb_content_element\">\n\t\t\n\t\t<figure class=\"wpb_wrapper vc_figure\">\n\t\t\t<div class=\"vc_single_image-wrapper   vc_box_border_grey\"><img loading=\"lazy\" decoding=\"async\" width=\"78\" height=\"77\" src=\"https:\/\/transtelsa.com\/wp-content\/uploads\/2023\/03\/icono-mantenimiento-integral-preventivo-y-correctivo.png\" class=\"vc_single_image-img attachment-full\" alt=\"icono mantenimiento integral preventivo y correctivo\" title=\"icono mantenimiento integral preventivo y correctivo\" \/><\/div>\n\t\t<\/figure>\n\t<\/div>\n\n\t<div class=\"wpb_text_column wpb_content_element color-blanco\" >\n\t\t<div class=\"wpb_wrapper\">\n\t\t\t<p>Manuten\u00e7\u00e3o preventiva e correctiva integral<\/p>\n\n\t\t<\/div>\n\t<\/div>\n<\/div><\/div><\/div><\/div><\/div><\/div><\/div>\t\t\t\t\t\t\t<\/div>\n\t\t\t\n\t\t<\/div>\n\t\t<div class=\"vc_row wpb_row vc_row-fluid align-center-mobile vc_row-o-equal-height vc_row-flex\">\n            \t\t\t\t\t\t\t<div class=\"gf-container container\">\n\t\t\t\t\t\t\t\t<div class=\"wpb_column vc_column_container vc_col-sm-3 vc_col-lg-3 vc_col-md-6 vc_col-xs-6\"><div class=\"vc_column-inner\"><div class=\"wpb_wrapper\"><div class=\"vc_row wpb_row vc_inner vc_row-fluid iconos-contacto\"><div class=\"wpb_column vc_column_container vc_col-sm-12\"><div class=\"vc_column-inner\"><div class=\"wpb_wrapper\">\n\t<div  class=\"wpb_single_image wpb_content_element vc_align_left wpb_content_element\">\n\t\t\n\t\t<figure class=\"wpb_wrapper vc_figure\">\n\t\t\t<div class=\"vc_single_image-wrapper   vc_box_border_grey\"><img loading=\"lazy\" decoding=\"async\" width=\"78\" height=\"77\" src=\"https:\/\/transtelsa.com\/wp-content\/uploads\/2023\/03\/icono-red-iberica-de-talleres-transtel-con-delegaciones-propias-y-asociados.png\" class=\"vc_single_image-img attachment-full\" alt=\"icono red iberica de talleres transtel con delegaciones propias y asociados\" title=\"icono red iberica de talleres transtel con delegaciones propias y asociados\" \/><\/div>\n\t\t<\/figure>\n\t<\/div>\n\n\t<div class=\"wpb_text_column wpb_content_element color-blanco\" >\n\t\t<div class=\"wpb_wrapper\">\n\t\t\t<p>Rede ib\u00e9rica de oficinas TransTel, em delega\u00e7\u00f5es pr\u00f3prias e oficinas associadas<\/p>\n\n\t\t<\/div>\n\t<\/div>\n<\/div><\/div><\/div><\/div><\/div><\/div><\/div><div class=\"wpb_column vc_column_container vc_col-sm-3 vc_col-lg-3 vc_col-md-6 vc_col-xs-6\"><div class=\"vc_column-inner\"><div class=\"wpb_wrapper\"><div class=\"vc_row wpb_row vc_inner vc_row-fluid iconos-contacto\"><div class=\"wpb_column vc_column_container vc_col-sm-12\"><div class=\"vc_column-inner\"><div class=\"wpb_wrapper\">\n\t<div  class=\"wpb_single_image wpb_content_element vc_align_left wpb_content_element\">\n\t\t\n\t\t<figure class=\"wpb_wrapper vc_figure\">\n\t\t\t<div class=\"vc_single_image-wrapper   vc_box_border_grey\"><img loading=\"lazy\" decoding=\"async\" width=\"78\" height=\"77\" src=\"https:\/\/transtelsa.com\/wp-content\/uploads\/2023\/03\/icono-servicio-tecnico-y-mecanico-con-unidades-movil-en-espana-y-portugal.png\" class=\"vc_single_image-img attachment-full\" alt=\"icono servicio tecnico y mecanico con unidades movil en espana y portugal\" title=\"icono servicio tecnico y mecanico con unidades movil en espana y portugal\" \/><\/div>\n\t\t<\/figure>\n\t<\/div>\n\n\t<div class=\"wpb_text_column wpb_content_element color-blanco\" >\n\t\t<div class=\"wpb_wrapper\">\n\t\t\t<p>Servi\u00e7o t\u00e9cnico e mec\u00e2nico com unidades m\u00f3veis em Espanha e Portugal<\/p>\n\n\t\t<\/div>\n\t<\/div>\n<\/div><\/div><\/div><\/div><\/div><\/div><\/div><div class=\"wpb_column vc_column_container vc_col-sm-3 vc_col-lg-3 vc_col-md-6 vc_col-xs-6\"><div class=\"vc_column-inner\"><div class=\"wpb_wrapper\"><div class=\"vc_row wpb_row vc_inner vc_row-fluid iconos-contacto\"><div class=\"wpb_column vc_column_container vc_col-sm-12\"><div class=\"vc_column-inner\"><div class=\"wpb_wrapper\">\n\t<div  class=\"wpb_single_image wpb_content_element vc_align_left wpb_content_element\">\n\t\t\n\t\t<figure class=\"wpb_wrapper vc_figure\">\n\t\t\t<div class=\"vc_single_image-wrapper   vc_box_border_grey\"><img loading=\"lazy\" decoding=\"async\" width=\"78\" height=\"77\" src=\"https:\/\/transtelsa.com\/wp-content\/uploads\/2023\/03\/icono-gestion-avanzada-de-flota-mediante-localizadores-de-nueva-generacion.png\" class=\"vc_single_image-img attachment-full\" alt=\"icono gestion avanzada de flota mediante localizadores de nueva generacion\" title=\"icono gestion avanzada de flota mediante localizadores de nueva generacion\" \/><\/div>\n\t\t<\/figure>\n\t<\/div>\n\n\t<div class=\"wpb_text_column wpb_content_element color-blanco\" >\n\t\t<div class=\"wpb_wrapper\">\n\t\t\t<p>Gest\u00e3o avan\u00e7ada de frotas atrav\u00e9s de localizadores de nova gera\u00e7\u00e3o<\/p>\n\n\t\t<\/div>\n\t<\/div>\n<\/div><\/div><\/div><\/div><\/div><\/div><\/div><div class=\"wpb_column vc_column_container vc_col-sm-3 vc_col-lg-3 vc_col-md-6 vc_col-xs-6\"><div class=\"vc_column-inner\"><div class=\"wpb_wrapper\"><div class=\"vc_row wpb_row vc_inner vc_row-fluid iconos-contacto\"><div class=\"wpb_column vc_column_container vc_col-sm-12\"><div class=\"vc_column-inner\"><div class=\"wpb_wrapper\">\n\t<div  class=\"wpb_single_image wpb_content_element vc_align_left wpb_content_element\">\n\t\t\n\t\t<figure class=\"wpb_wrapper vc_figure\">\n\t\t\t<div class=\"vc_single_image-wrapper   vc_box_border_grey\"><img loading=\"lazy\" decoding=\"async\" width=\"78\" height=\"77\" src=\"https:\/\/transtelsa.com\/wp-content\/uploads\/2023\/03\/icono-gestion-periodica-mediante-informes.png\" class=\"vc_single_image-img attachment-full\" alt=\"icono gestion periodica mediante informes\" title=\"icono gestion periodica mediante informes\" \/><\/div>\n\t\t<\/figure>\n\t<\/div>\n\n\t<div class=\"wpb_text_column wpb_content_element color-blanco\" >\n\t\t<div class=\"wpb_wrapper\">\n\t\t\t<p>Gest\u00e3o regular atrav\u00e9s de relat\u00f3rios para otimiza\u00e7\u00e3o dos recursos<\/p>\n\n\t\t<\/div>\n\t<\/div>\n<\/div><\/div><\/div><\/div><\/div><\/div><\/div>\t\t\t\t\t\t\t<\/div>\n\t\t\t\n\t\t<\/div>\n\t\t<div class=\"vc_row wpb_row vc_row-fluid\">\n            \t\t\t\t\t\t\t<div class=\"gf-container container\">\n\t\t\t\t\t\t\t\t<div class=\"wpb_column vc_column_container vc_col-sm-12\"><div class=\"vc_column-inner\"><div class=\"wpb_wrapper\"><div class=\"g5plus-space space-69f4da3750d35\" data-id=\"69f4da3750d35\" data-tablet=\"70\" data-tablet-portrait=\"60\" data-mobile=\"40\" data-mobile-landscape=\"50\" style=\"clear: both; display: block; height: 90px\"><\/div><\/div><\/div><\/div>\t\t\t\t\t\t\t<\/div>\n\t\t\t\n\t\t<\/div>\n\t\t\t\t\t\t\t<\/div>\n\t\t\t\t\t<\/section>\n<\/div>[\/vc_column][\/vc_row][vc_section content_width=&#8221;full&#8221;][vc_row][vc_column][gsf_space desktop=&#8221;90&#8243; tablet=&#8221;70&#8243; tablet_portrait=&#8221;60&#8243; mobile_landscape=&#8221;50&#8243; mobile=&#8221;40&#8243;][vc_column_text el_class=&#8221;mg-bottom-20,color-negro&#8221;]<\/p>\n<h3><strong>OUTROS VE\u00cdCULOS ADAPTADOS<\/strong><\/h3>\n<p>[\/vc_column_text][vc_column_text el_class=&#8221;mg-bottom-20,color-rojo&#8221;]<\/p>\n<h5><strong>Descubra toda a gama de ve\u00edculos adaptados da TransTel<\/strong><\/h5>\n<p>[\/vc_column_text][vc_masonry_grid post_type=&#8221;vehiculo&#8221; max_items=&#8221;-1&#8243; orderby=&#8221;menu_order&#8221; item=&#8221;724&#8243; grid_id=&#8221;vc_gid:1710762445616-b5297877-217b-8&#8243; taxonomies=&#8221;241&#8243;][gsf_space desktop=&#8221;90&#8243; tablet=&#8221;70&#8243; tablet_portrait=&#8221;60&#8243; mobile_landscape=&#8221;50&#8243; mobile=&#8221;40&#8243;][\/vc_column][\/vc_row][vc_row container_width=&#8221;limit&#8221; el_class=&#8221;fila-radius&#8221; css=&#8221;.vc_custom_1680172627902{background-image: url(https:\/\/transtelsa.com\/wp-content\/uploads\/2023\/03\/foto-slide-renting-flexible-transtel.jpg?id=752) !important;}&#8221;][vc_column width=&#8221;1\/12&#8243;][\/vc_column][vc_column el_class=&#8221;col-texto&#8221; width=&#8221;10\/12&#8243;][vc_column_text el_class=&#8221;mg-bottom-20,color-blanco,align-center&#8221;]<\/p>\n<h3><strong>N\u00c3O CONHECE O ALUGUEL FLEX\u00cdVEL DA TRANSTEL?<\/strong><\/h3>\n<p>[\/vc_column_text][vc_column_text el_class=&#8221;color-blanco,align-center,mg-bottom-30&#8243;]<\/p>\n<h6>O leasing flex\u00edvel \u00e9 uma alternativa muito atrativa que permite aumentar, alterar ou reduzir a frota de acordo com as necessidades da empresa em fun\u00e7\u00e3o da sua atividade.<\/h6>\n<p>[\/vc_column_text][vc_raw_html el_class=&#8221;align-center&#8221;]PGEgaHJlZj0iL3B0LXB0L3JlbnRpbmctZmxleGlibGUiIGNsYXNzPSJidG4tY29sb3IiPlNBSUJBIE1BSVM8L2E+[\/vc_raw_html][\/vc_column][vc_column width=&#8221;1\/12&#8243;][\/vc_column][\/vc_row][vc_row][vc_column][gsf_space desktop=&#8221;90&#8243; tablet=&#8221;70&#8243; tablet_portrait=&#8221;60&#8243; mobile_landscape=&#8221;50&#8243; mobile=&#8221;40&#8243;][\/vc_column][\/vc_row][\/vc_section][vc_row content_width=&#8221;full&#8221;][vc_column]<div class=\"templatera_shortcode\">\t\t<section class=\"vc_section vc_custom_1680083060106 vc_section-has-fill\">\n\t\t\t\t\t\t\t\t\t<div class=\"vc_row wpb_row vc_row-fluid\">\n            \t\t\t\t\t\t\t<div class=\"gf-container container\">\n\t\t\t\t\t\t\t\t<div class=\"wpb_column vc_column_container vc_col-sm-12\"><div class=\"vc_column-inner\"><div class=\"wpb_wrapper\"><div class=\"g5plus-space space-69f4da3751e87\" data-id=\"69f4da3751e87\" data-tablet=\"70\" data-tablet-portrait=\"60\" data-mobile=\"40\" data-mobile-landscape=\"50\" style=\"clear: both; display: block; height: 90px\"><\/div>\n\t<div class=\"wpb_text_column wpb_content_element mg-bottom-20 color-negro\" >\n\t\t<div class=\"wpb_wrapper\">\n\t\t\t<h2><strong>BLOG DA TRANSTEL<\/strong><\/h2>\n\n\t\t<\/div>\n\t<\/div>\n\n\t<div class=\"wpb_text_column wpb_content_element mg-bottom-20 color-rojo\" >\n\t\t<div class=\"wpb_wrapper\">\n\t\t\t<h5><strong>N\u00e3o perca todas as nossas novidades e atualidades do setor<\/strong><\/h5>\n\n\t\t<\/div>\n\t<\/div>\n<div class=\"gf-posts cate-filter-left clearfix\">\n\t<div data-items-wrapper class=\"gf-blog-wrap clearfix\">\n\t\t<div data-owl-options='{\"items\":3,\"margin\":30,\"slideBy\":3,\"dots\":false,\"nav\":false,\"responsive\":{\"1200\":{\"items\":3,\"margin\":30,\"slideBy\":3},\"992\":{\"items\":3,\"margin\":30,\"slideBy\":3},\"768\":{\"items\":3,\"margin\":30,\"slideBy\":3},\"600\":{\"items\":2,\"margin\":30,\"slideBy\":2},\"0\":{\"items\":1,\"margin\":0,\"slideBy\":1}},\"autoHeight\":true,\"loop\":true,\"autoplay\":true,\"autoplayTimeout\":5000}' data-items-container=\"true\" class=\"gf-blog-inner clearfix layout-grid post-skin-01 owl-carousel owl-theme\">\n\t\t<article class=\"clearfix post-default post-skin-01 post-grid post-6775 post type-post status-publish format-standard has-post-thumbnail hentry category-tudo-sobre-aluguer-de-veiculos tag-aluguer-de-camioes-industriais tag-aluguer-de-veiculos-industriais-em-portugal tag-aluguer-e-renting-em-espanha tag-delegacoes-transtel tag-empresas-de-renting-pt-pt tag-escritorios-transtel tag-frota-transtel tag-rede-de-delegacoes-transtel tag-renting-flexivel tag-renting-para-empresas-pt-pt tag-sedes-transtel-pt-pt tag-transtel-pt-pt tag-veiculos-de-aluguer-industrial tag-veiculos-profissionais-aluguer\">\n\t<div class=\"gf-post-inner clearfix\">\n\t\t\t\t<div class=\"entry-thumb-wrap entry-thumb-mode-background entry-thumb-format-\">\n\t\t\n\t\t\t        \t\t<div class=\"entry-thumbnail\">\n    <a data-magnific=\"true\" data-gallery-id=\"\" data-magnific-options='[]' href=\"https:\/\/transtelsa.com\/wp-content\/uploads\/2025\/06\/delegacion-valencia-scaled.jpg\" class=\"zoom-image\"><i class=\"fa fa-expand\"><\/i><\/a>\n\n    \n    \n\n\n\t\t\t\t\t\t\t\t<a style=\"background-image: url(https:\/\/transtelsa.com\/wp-content\/uploads\/2025\/06\/delegacion-valencia-scaled-555x330.jpg);\" class=\"entry-thumbnail-overlay placeholder-image thumbnail-size-blog-medium\" href=\"https:\/\/transtelsa.com\/pt-pt\/blog\/em-qualquer-ponto-da-peninsula-iberica-a-transtel-esta-consigo\/\" title=\"Em qualquer ponto da Pen\u00ednsula Ib\u00e9rica, a TransTel est\u00e1 consigo\"><\/a>\n\t\t\t<\/div>\n\n\n\t\n\t\t\t<\/div>\n\n\t\t<div class=\"gf-post-content\">\n                        <div class=\"color-rojo my-meta mg-bottom-10\"><ul class=\"gf-post-meta gf-inline\">\n\t<li class=\"meta-date\">\n\t\t<i class=\"ion-ios-calendar-outline\"><\/i> <a href=\"https:\/\/transtelsa.com\/pt-pt\/blog\/em-qualquer-ponto-da-peninsula-iberica-a-transtel-esta-consigo\/\" rel=\"bookmark\" title=\"Em qualquer ponto da Pen\u00ednsula Ib\u00e9rica, a TransTel est\u00e1 consigo\"> 14 de Abril de 2026 <\/a>\n\t<\/li>\n    <li class=\"meta-comment\">\n        <i class=\"ion-chatbubble-working\"><\/i> 0    <\/li>\n    \t<\/ul>\n\n <a href=\"https:\/\/transtelsa.com\/pt-pt\/blog\/category\/tudo-sobre-aluguer-de-veiculos\/\" rel=\"category tag\">Tudo sobre aluguer de ve\u00edculos<\/a><\/div>\n            <div class=\"color-negro mg-bottom-10\"><h4 class=\"gf-post-title heading-color\"><a title=\"Em qualquer ponto da Pen\u00ednsula Ib\u00e9rica, a TransTel est\u00e1 consigo\" href=\"https:\/\/transtelsa.com\/pt-pt\/blog\/em-qualquer-ponto-da-peninsula-iberica-a-transtel-esta-consigo\/\" class=\"gsf-link\">Em qualquer ponto da Pen\u00ednsula Ib\u00e9rica, a TransTel est\u00e1 consigo<\/a><\/h4>\n<\/div>\n            <div class=\"grid-excerpt mg-bottom-10\"><p class=\"color-gris\"><\/p><\/div>\n            <a href=\"https:\/\/transtelsa.com\/pt-pt\/blog\/em-qualquer-ponto-da-peninsula-iberica-a-transtel-esta-consigo\/\" class=\"color-rojo uppercase\"><b>Ler mais<\/b><i class=\"fas fa-angle-right\"><\/i><\/a>\n\n\t\t<\/div>\n\t<\/div>\n<\/article><article class=\"clearfix post-default post-skin-01 post-grid post-6729 post type-post status-publish format-standard has-post-thumbnail hentry category-eficiencia-e-tecnologia category-tudo-sobre-o-aluguer-de-veiculos tag-aluguer-a-curto-prazo tag-aluguer-a-longo-prazo tag-continuidade-operacional tag-disponibilidade-da-frota tag-frota-industrial tag-gestao-de-frotas tag-manutencao-preventiva tag-otimizacao-da-operacao tag-produtividade-operacional tag-reduzir-avarias tag-reduzir-tempos-mortos tag-renting-de-veiculos-industriais tag-renting-flexivel tag-renting-industrial-pt-pt tag-transtel-pt-pt tag-veiculos-de-renting tag-veiculos-revistos-e-garantidos\">\n\t<div class=\"gf-post-inner clearfix\">\n\t\t\t\t<div class=\"entry-thumb-wrap entry-thumb-mode-background entry-thumb-format-\">\n\t\t\n\t\t\t        \t\t<div class=\"entry-thumbnail\">\n    <a data-magnific=\"true\" data-gallery-id=\"\" data-magnific-options='[]' href=\"https:\/\/transtelsa.com\/wp-content\/uploads\/2026\/02\/vehiculo-de-renting-scaled.webp\" class=\"zoom-image\"><i class=\"fa fa-expand\"><\/i><\/a>\n\n    \n    \n\n\n\t\t\t\t\t\t\t\t<a style=\"background-image: url(https:\/\/transtelsa.com\/wp-content\/uploads\/2026\/02\/vehiculo-de-renting-scaled-555x330.webp);\" class=\"entry-thumbnail-overlay placeholder-image thumbnail-size-blog-medium\" href=\"https:\/\/transtelsa.com\/pt-pt\/blog\/como-reduzir-tempos-mortos-e-avarias-com-veiculos-de-renting\/\" title=\"Como reduzir tempos mortos e avarias com ve\u00edculos de renting\"><\/a>\n\t\t\t<\/div>\n\n\n\t\n\t\t\t<\/div>\n\n\t\t<div class=\"gf-post-content\">\n                        <div class=\"color-rojo my-meta mg-bottom-10\"><ul class=\"gf-post-meta gf-inline\">\n\t<li class=\"meta-date\">\n\t\t<i class=\"ion-ios-calendar-outline\"><\/i> <a href=\"https:\/\/transtelsa.com\/pt-pt\/blog\/como-reduzir-tempos-mortos-e-avarias-com-veiculos-de-renting\/\" rel=\"bookmark\" title=\"Como reduzir tempos mortos e avarias com ve\u00edculos de renting\"> 12 de Mar\u00e7o de 2026 <\/a>\n\t<\/li>\n    <li class=\"meta-comment\">\n        <i class=\"ion-chatbubble-working\"><\/i> 0    <\/li>\n    \t<\/ul>\n\n <a href=\"https:\/\/transtelsa.com\/pt-pt\/blog\/category\/eficiencia-e-tecnologia\/\" rel=\"category tag\">Efici\u00eancia e tecnologia<\/a> | <a href=\"https:\/\/transtelsa.com\/pt-pt\/blog\/category\/tudo-sobre-o-aluguer-de-veiculos\/\" rel=\"category tag\">Tudo sobre o aluguer de ve\u00edculos<\/a><\/div>\n            <div class=\"color-negro mg-bottom-10\"><h4 class=\"gf-post-title heading-color\"><a title=\"Como reduzir tempos mortos e avarias com ve\u00edculos de renting\" href=\"https:\/\/transtelsa.com\/pt-pt\/blog\/como-reduzir-tempos-mortos-e-avarias-com-veiculos-de-renting\/\" class=\"gsf-link\">Como reduzir tempos mortos e avarias com ve\u00edculos de renting<\/a><\/h4>\n<\/div>\n            <div class=\"grid-excerpt mg-bottom-10\"><p class=\"color-gris\"><\/p><\/div>\n            <a href=\"https:\/\/transtelsa.com\/pt-pt\/blog\/como-reduzir-tempos-mortos-e-avarias-com-veiculos-de-renting\/\" class=\"color-rojo uppercase\"><b>Ler mais<\/b><i class=\"fas fa-angle-right\"><\/i><\/a>\n\n\t\t<\/div>\n\t<\/div>\n<\/article><article class=\"clearfix post-default post-skin-01 post-grid post-6722 post type-post status-publish format-standard has-post-thumbnail hentry category-eficiencia-e-tecnologia tag-aluguer-de-longa-duracao tag-eficiencia-operacional tag-gestao-de-frotas tag-localizadores-de-veiculos-comerciais tag-monitorizacao-de-combustivel tag-otimizacao-de-rotas tag-seguranca-dos-condutores tag-telematica tag-transtel-pt-pt tag-veiculos-industriais\">\n\t<div class=\"gf-post-inner clearfix\">\n\t\t\t\t<div class=\"entry-thumb-wrap entry-thumb-mode-background entry-thumb-format-\">\n\t\t\n\t\t\t        \t\t<div class=\"entry-thumbnail\">\n    <a data-magnific=\"true\" data-gallery-id=\"\" data-magnific-options='[]' href=\"https:\/\/transtelsa.com\/wp-content\/uploads\/2026\/03\/telematica-veiculos.jpg\" class=\"zoom-image\"><i class=\"fa fa-expand\"><\/i><\/a>\n\n    \n    \n\n\n\t\t\t\t\t\t\t\t<a style=\"background-image: url(https:\/\/transtelsa.com\/wp-content\/uploads\/2026\/03\/telematica-veiculos-555x330.jpg);\" class=\"entry-thumbnail-overlay placeholder-image thumbnail-size-blog-medium\" href=\"https:\/\/transtelsa.com\/pt-pt\/blog\/telematica-e-gps-vantagens-para-a-gestao-de-frotas-industriais\/\" title=\"Telem\u00e1tica e GPS: vantagens para a gest\u00e3o de frotas industriais\"><\/a>\n\t\t\t<\/div>\n\n\n\t\n\t\t\t<\/div>\n\n\t\t<div class=\"gf-post-content\">\n                        <div class=\"color-rojo my-meta mg-bottom-10\"><ul class=\"gf-post-meta gf-inline\">\n\t<li class=\"meta-date\">\n\t\t<i class=\"ion-ios-calendar-outline\"><\/i> <a href=\"https:\/\/transtelsa.com\/pt-pt\/blog\/telematica-e-gps-vantagens-para-a-gestao-de-frotas-industriais\/\" rel=\"bookmark\" title=\"Telem\u00e1tica e GPS: vantagens para a gest\u00e3o de frotas industriais\"> 11 de Mar\u00e7o de 2026 <\/a>\n\t<\/li>\n    <li class=\"meta-comment\">\n        <i class=\"ion-chatbubble-working\"><\/i> 0    <\/li>\n    \t<\/ul>\n\n <a href=\"https:\/\/transtelsa.com\/pt-pt\/blog\/category\/eficiencia-e-tecnologia\/\" rel=\"category tag\">Efici\u00eancia e tecnologia<\/a><\/div>\n            <div class=\"color-negro mg-bottom-10\"><h4 class=\"gf-post-title heading-color\"><a title=\"Telem\u00e1tica e GPS: vantagens para a gest\u00e3o de frotas industriais\" href=\"https:\/\/transtelsa.com\/pt-pt\/blog\/telematica-e-gps-vantagens-para-a-gestao-de-frotas-industriais\/\" class=\"gsf-link\">Telem\u00e1tica e GPS: vantagens para a gest\u00e3o de frotas industriais<\/a><\/h4>\n<\/div>\n            <div class=\"grid-excerpt mg-bottom-10\"><p class=\"color-gris\"><\/p><\/div>\n            <a href=\"https:\/\/transtelsa.com\/pt-pt\/blog\/telematica-e-gps-vantagens-para-a-gestao-de-frotas-industriais\/\" class=\"color-rojo uppercase\"><b>Ler mais<\/b><i class=\"fas fa-angle-right\"><\/i><\/a>\n\n\t\t<\/div>\n\t<\/div>\n<\/article>\t<\/div>\n\t<\/div>\n\n\n\n<\/div><div class=\"g5plus-space space-69f4da375d865\" data-id=\"69f4da375d865\" data-tablet=\"40\" data-tablet-portrait=\"30\" data-mobile=\"20\" data-mobile-landscape=\"20\" style=\"clear: both; display: block; height: 50px\"><\/div>\n\t<div class=\"wpb_raw_code wpb_raw_html wpb_content_element align-center mg-bottom-30\" >\n\t\t<div class=\"wpb_wrapper\">\n\t\t\t<a class=\"btn-color\" href=\"\/pt-pt\/blog\">ACESSE O BLOG<\/a>\n\t\t<\/div>\n\t<\/div>\n<div class=\"g5plus-space space-69f4da375dcbe\" data-id=\"69f4da375dcbe\" data-tablet=\"40\" data-tablet-portrait=\"30\" data-mobile=\"20\" data-mobile-landscape=\"20\" style=\"clear: both; display: block; height: 50px\"><\/div><div class=\"gsf-border-container gsf-border-69f4da375df40\">\n<\/div><div class=\"g5plus-space space-69f4da375e1af\" data-id=\"69f4da375e1af\" data-tablet=\"70\" data-tablet-portrait=\"60\" data-mobile=\"40\" data-mobile-landscape=\"50\" style=\"clear: both; display: block; height: 90px\"><\/div><\/div><\/div><\/div>\t\t\t\t\t\t\t<\/div>\n\t\t\t\n\t\t<\/div>\n\t\t<div class=\"vc_row wpb_row vc_row-fluid no-bg-mobile fila-mapa-form vc_custom_1727158363483 vc_row-has-fill\">\n            \t\t\t\t\t\t\t<div class=\"gf-container container\">\n\t\t\t\t\t\t\t\t<div class=\"wpb_column vc_column_container vc_col-sm-12\"><div class=\"vc_column-inner\"><div class=\"wpb_wrapper\"><div class=\"vc_row wpb_row vc_inner vc_row-fluid reverse-column\"><div class=\"wpb_column vc_column_container vc_col-sm-6\"><div class=\"vc_column-inner\"><div class=\"wpb_wrapper\"><\/div><\/div><\/div><div class=\"wpb_column vc_column_container vc_col-sm-6\"><div class=\"vc_column-inner\"><div class=\"wpb_wrapper\">\n\t<div class=\"wpb_text_column wpb_content_element mg-bottom-20 color-negro\" >\n\t\t<div class=\"wpb_wrapper\">\n\t\t\t<h2><strong>O QUE PODEMOS FAZER POR SI?<\/strong><\/h2>\n\n\t\t<\/div>\n\t<\/div>\n\n\t<div class=\"wpb_text_column wpb_content_element mg-bottom-20 color-rojo\" >\n\t\t<div class=\"wpb_wrapper\">\n\t\t\t<h5><strong>Deixe-nos oferecer-lhe uma solu\u00e7\u00e3o atrav\u00e9s da nossa Consultoria de Frota Personalizada ou envie-nos a sua consulta.<\/strong><\/h5>\n\n\t\t<\/div>\n\t<\/div>\n\n<div class=\"wpcf7 no-js\" id=\"wpcf7-f3366-o2\" lang=\"pt-PT\" dir=\"ltr\" data-wpcf7-id=\"3366\">\n<div class=\"screen-reader-response\"><p role=\"status\" aria-live=\"polite\" aria-atomic=\"true\"><\/p> <ul><\/ul><\/div>\n<form action=\"\/pt-pt\/wp-json\/wp\/v2\/vehiculo\/3849#wpcf7-f3366-o2\" method=\"post\" class=\"wpcf7-form init 2f93db486c55 cmatic-conn cmatic-aud-1 cmatic-mapd0-0 cmatic-v0974 cmatic-sent-0 cmatic-total-0\" aria-label=\"Formul\u00e1rio de contacto\" novalidate=\"novalidate\" data-status=\"init\">\n<fieldset class=\"hidden-fields-container\"><input type=\"hidden\" name=\"_wpcf7\" value=\"3366\" \/><input type=\"hidden\" name=\"_wpcf7_version\" value=\"6.1.4\" \/><input type=\"hidden\" name=\"_wpcf7_locale\" value=\"pt_PT\" \/><input type=\"hidden\" name=\"_wpcf7_unit_tag\" value=\"wpcf7-f3366-o2\" \/><input type=\"hidden\" name=\"_wpcf7_container_post\" value=\"0\" \/><input type=\"hidden\" name=\"_wpcf7_posted_data_hash\" value=\"\" \/>\n<\/fieldset>\n<div class=\"form-custom background\">\n\t<div class=\"row\">\n\t\t<div class=\"vc_col-xs-12 color-negro align-center mapa-hide\">\n\t\t\t<h6><b>SOLICITAR MAIS INFORMA\u00c7\u00d5ES<\/b>\n\t\t\t<\/h6>\n\t\t<\/div>\n\t\t<div class=\"vc_col-xs-12 color-negro align-center mg-bottom-15 mapa-hide\">\n\t\t\t<p>Preencha o seguinte formul\u00e1rio e entraremos em contacto consigo para o ajudar a alugar os seus ve\u00edculos.\n\t\t\t<\/p>\n\t\t<\/div>\n\t\t<div class=\"vc_col-sm-6 vc_col-xs-12\">\n\t\t\t<p><span class=\"wpcf7-form-control-wrap\" data-name=\"nombre\"><input size=\"40\" maxlength=\"400\" class=\"wpcf7-form-control wpcf7-text wpcf7-validates-as-required\" aria-required=\"true\" aria-invalid=\"false\" placeholder=\"Nome\" value=\"\" type=\"text\" name=\"nombre\" \/><\/span>\n\t\t\t<\/p>\n\t\t<\/div>\n\t\t<div class=\"vc_col-sm-6 vc_col-xs-12\">\n\t\t\t<p><span class=\"wpcf7-form-control-wrap\" data-name=\"apellidos\"><input size=\"40\" maxlength=\"400\" class=\"wpcf7-form-control wpcf7-text wpcf7-validates-as-required\" aria-required=\"true\" aria-invalid=\"false\" placeholder=\"Apelido\" value=\"\" type=\"text\" name=\"apellidos\" \/><\/span>\n\t\t\t<\/p>\n\t\t<\/div>\n\t\t<div class=\"vc_col-sm-6 vc_col-xs-12\">\n\t\t\t<p><span class=\"wpcf7-form-control-wrap\" data-name=\"email-668\"><input size=\"40\" maxlength=\"400\" class=\"wpcf7-form-control wpcf7-email wpcf7-validates-as-required wpcf7-text wpcf7-validates-as-email\" aria-required=\"true\" aria-invalid=\"false\" placeholder=\"O seu endere\u00e7o eletr\u00f3nico\" value=\"\" type=\"email\" name=\"email-668\" \/><\/span>\n\t\t\t<\/p>\n\t\t<\/div>\n\t\t<div class=\"vc_col-sm-6 vc_col-xs-12\">\n\t\t\t<p><span class=\"wpcf7-form-control-wrap\" data-name=\"telefono\"><input size=\"40\" maxlength=\"400\" class=\"wpcf7-form-control wpcf7-text wpcf7-validates-as-required\" aria-required=\"true\" aria-invalid=\"false\" placeholder=\"Telefone\" value=\"\" type=\"text\" name=\"telefono\" \/><\/span>\n\t\t\t<\/p>\n\t\t<\/div>\n\t\t<div class=\"vc_col-xs-12\">\n\t\t\t<p><span class=\"wpcf7-form-control-wrap\" data-name=\"localizacion\"><input size=\"40\" maxlength=\"400\" class=\"wpcf7-form-control wpcf7-text wpcf7-validates-as-required\" aria-required=\"true\" aria-invalid=\"false\" placeholder=\"Localiza\u00e7\u00e3o\" value=\"\" type=\"text\" name=\"localizacion\" \/><\/span>\n\t\t\t<\/p>\n\t\t<\/div>\n\t\t<div class=\"vc_col-xs-12\">\n\t\t\t<p><span class=\"wpcf7-form-control-wrap\" data-name=\"empresa\"><input size=\"40\" maxlength=\"400\" class=\"wpcf7-form-control wpcf7-text wpcf7-validates-as-required\" aria-required=\"true\" aria-invalid=\"false\" placeholder=\"Empresa\" value=\"\" type=\"text\" name=\"empresa\" \/><\/span>\n\t\t\t<\/p>\n\t\t<\/div>\n\t\t<div class=\"vc_col-xs-12\">\n\t\t\t<p><span class=\"wpcf7-form-control-wrap\" data-name=\"textarea-660\"><textarea cols=\"40\" rows=\"10\" maxlength=\"2000\" class=\"wpcf7-form-control wpcf7-textarea wpcf7-validates-as-required\" aria-required=\"true\" aria-invalid=\"false\" placeholder=\"Consulta\" name=\"textarea-660\"><\/textarea><\/span>\n\t\t\t<\/p>\n\t\t<\/div>\n\t\t<div class=\"vc_col-sm-6 vc_col-xs-12\">\n\t\t<\/div>\n\t\t<div class=\"vc_col-xs-12 fila-politicas align-center\">\n\t\t\t<div>\n\t\t\t\t<p><span class=\"wpcf7-form-control-wrap\" data-name=\"acceptance-743\"><span class=\"wpcf7-form-control wpcf7-checkbox wpcf7-validates-as-required\"><span class=\"wpcf7-list-item first last\"><input type=\"checkbox\" name=\"acceptance-743[]\" value=\"S\u00ed\" \/><span class=\"wpcf7-list-item-label\">S\u00ed<\/span><\/span><\/span><\/span> Sim, li e aceito a <strong><br \/>\n<a href=\"\/politica-de-privacidad\" target=\"_blank\" class=\"color-principal\">pol\u00edtica de privacidade<\/a><br \/>\n<\/strong>\n\t\t\t\t<\/p>\n\t\t\t<\/div>\n\t\t\t<div>\n\t\t\t\t<p><span class=\"wpcf7-form-control-wrap\" data-name=\"aceptacion-publi\"><span class=\"wpcf7-form-control wpcf7-checkbox\"><span class=\"wpcf7-list-item first last\"><input type=\"checkbox\" name=\"aceptacion-publi[]\" value=\"S\u00ed\" \/><span class=\"wpcf7-list-item-label\">S\u00ed<\/span><\/span><\/span><\/span> Sim, aceito receber not\u00edcias da <strong class=\"color-principal\">TransTel SA<\/strong>\n\t\t\t\t<\/p>\n\t\t\t<\/div>\n\t\t<\/div>\n\t\t<div class=\"vc_col-xs-12 fuente-principal align-center\">\n\t\t\t<p><input class=\"wpcf7-form-control wpcf7-submit has-spinner\" type=\"submit\" value=\"Enviar\" \/>\n\t\t\t<\/p>\n\t\t<\/div>\n\t\t<div class=\"ocultar-fila\">\n\t\t\t<p><span class=\"wpcf7-form-control-wrap\" data-name=\"form-name\"><input size=\"40\" maxlength=\"400\" class=\"wpcf7-form-control wpcf7-text\" aria-invalid=\"false\" value=\"Formulariodecontacto\" type=\"text\" name=\"form-name\" \/><\/span>\n\t\t\t<\/p>\n\t\t<\/div>\n\t\t<p><span id=\"wpcf7-69f4da375fe21-wrapper\" class=\"wpcf7-form-control-wrap your-name-wrap\" style=\"display:none !important; visibility:hidden !important;\"><label for=\"wpcf7-69f4da375fe21-field\" class=\"hp-message\">Please leave this field empty.<\/label><input id=\"wpcf7-69f4da375fe21-field\"  class=\"wpcf7-form-control wpcf7-text\" type=\"text\" name=\"your-name\" value=\"\" size=\"40\" tabindex=\"-1\" autocomplete=\"new-password\" \/><\/span>\n\t\t<\/p>\n\t<\/div>\n<\/div><div class=\"wpcf7-response-output\" aria-hidden=\"true\"><\/div>\n<\/form>\n<\/div>\n<div class=\"g5plus-space space-69f4da37600ff\" data-id=\"69f4da37600ff\" data-tablet=\"20\" data-tablet-portrait=\"20\" data-mobile=\"20\" data-mobile-landscape=\"20\" style=\"clear: both; display: block; height: 20px\"><\/div>\n\t<div  class=\"wpb_single_image wpb_content_element vc_align_left wpb_content_element  hide-desktop\">\n\t\t\n\t\t<figure class=\"wpb_wrapper vc_figure\">\n\t\t\t<div class=\"vc_single_image-wrapper   vc_box_border_grey\"><img loading=\"lazy\" decoding=\"async\" width=\"813\" height=\"757\" src=\"https:\/\/transtelsa.com\/wp-content\/uploads\/2023\/03\/que-podemos-hacer-por-ti-peninsula-iberica-mobile-1.png\" class=\"vc_single_image-img attachment-full\" alt=\"que podemos hacer por ti peninsula iberica mobile 1\" title=\"que podemos hacer por ti peninsula iberica mobile 1\" srcset=\"https:\/\/transtelsa.com\/wp-content\/uploads\/2023\/03\/que-podemos-hacer-por-ti-peninsula-iberica-mobile-1.png 813w, https:\/\/transtelsa.com\/wp-content\/uploads\/2023\/03\/que-podemos-hacer-por-ti-peninsula-iberica-mobile-1-300x279.png 300w, https:\/\/transtelsa.com\/wp-content\/uploads\/2023\/03\/que-podemos-hacer-por-ti-peninsula-iberica-mobile-1-768x715.png 768w\" sizes=\"auto, (max-width: 813px) 100vw, 813px\" \/><\/div>\n\t\t<\/figure>\n\t<\/div>\n<\/div><\/div><\/div><\/div><\/div><\/div><\/div>\t\t\t\t\t\t\t<\/div>\n\t\t\t\n\t\t<\/div>\n\t\t<div class=\"vc_row wpb_row vc_row-fluid\">\n            \t\t\t\t\t\t\t<div class=\"gf-container container\">\n\t\t\t\t\t\t\t\t<div class=\"wpb_column vc_column_container vc_col-sm-12\"><div class=\"vc_column-inner\"><div class=\"wpb_wrapper\"><div class=\"g5plus-space space-69f4da3760dde\" data-id=\"69f4da3760dde\" data-tablet=\"70\" data-tablet-portrait=\"60\" data-mobile=\"40\" data-mobile-landscape=\"50\" style=\"clear: both; display: block; height: 90px\"><\/div><\/div><\/div><\/div>\t\t\t\t\t\t\t<\/div>\n\t\t\t\n\t\t<\/div>\n\t\t\t\t\t<\/section>\n<\/div>[\/vc_column][\/vc_row]<\/p>\n<\/div>","protected":false},"featured_media":1841,"template":"","categoria_vehiculo":[440],"class_list":["post-3849","vehiculo","type-vehiculo","status-publish","has-post-thumbnail","hentry","categoria_vehiculo-vehiculos-adaptados-pt-pt"],"acf":[],"yoast_head":"<!-- This site is optimized with the Yoast SEO plugin v26.9 - https:\/\/yoast.com\/product\/yoast-seo-wordpress\/ -->\n<title>POL\u00cdCIA - Transtel<\/title>\n<meta name=\"robots\" content=\"index, follow, max-snippet:-1, max-image-preview:large, max-video-preview:-1\" \/>\n<link rel=\"canonical\" href=\"https:\/\/transtelsa.com\/pt-pt\/vehiculo\/policia\/\" \/>\n<meta property=\"og:locale\" content=\"pt_PT\" \/>\n<meta property=\"og:type\" content=\"article\" \/>\n<meta property=\"og:title\" content=\"POL\u00cdCIA - Transtel\" \/>\n<meta property=\"og:url\" content=\"https:\/\/transtelsa.com\/pt-pt\/vehiculo\/policia\/\" \/>\n<meta property=\"og:site_name\" content=\"Transtel\" \/>\n<meta property=\"article:publisher\" content=\"https:\/\/www.facebook.com\/transtelsa\" \/>\n<meta property=\"article:modified_time\" content=\"2024-03-20T14:24:14+00:00\" \/>\n<meta property=\"og:image\" content=\"https:\/\/transtelsa.com\/wp-content\/uploads\/2023\/04\/vehiculos-adaptados-policial-png.png\" \/>\n\t<meta property=\"og:image:width\" content=\"666\" \/>\n\t<meta property=\"og:image:height\" content=\"375\" \/>\n\t<meta property=\"og:image:type\" content=\"image\/png\" \/>\n<meta name=\"twitter:card\" content=\"summary_large_image\" \/>\n<meta name=\"twitter:label1\" content=\"Tempo estimado de leitura\" \/>\n\t<meta name=\"twitter:data1\" content=\"5 minutos\" \/>\n<!-- \/ Yoast SEO plugin. -->","yoast_head_json":{"title":"POL\u00cdCIA - Transtel","robots":{"index":"index","follow":"follow","max-snippet":"max-snippet:-1","max-image-preview":"max-image-preview:large","max-video-preview":"max-video-preview:-1"},"canonical":"https:\/\/transtelsa.com\/pt-pt\/vehiculo\/policia\/","og_locale":"pt_PT","og_type":"article","og_title":"POL\u00cdCIA - Transtel","og_url":"https:\/\/transtelsa.com\/pt-pt\/vehiculo\/policia\/","og_site_name":"Transtel","article_publisher":"https:\/\/www.facebook.com\/transtelsa","article_modified_time":"2024-03-20T14:24:14+00:00","og_image":[{"width":666,"height":375,"url":"https:\/\/transtelsa.com\/wp-content\/uploads\/2023\/04\/vehiculos-adaptados-policial-png.png","type":"image\/png"}],"twitter_card":"summary_large_image","twitter_misc":{"Tempo estimado de leitura":"5 minutos"},"schema":{"@context":"https:\/\/schema.org","@graph":[{"@type":"WebPage","@id":"https:\/\/transtelsa.com\/pt-pt\/vehiculo\/policia\/","url":"https:\/\/transtelsa.com\/pt-pt\/vehiculo\/policia\/","name":"POL\u00cdCIA - Transtel","isPartOf":{"@id":"https:\/\/transtelsa.com\/#website"},"primaryImageOfPage":{"@id":"https:\/\/transtelsa.com\/pt-pt\/vehiculo\/policia\/#primaryimage"},"image":{"@id":"https:\/\/transtelsa.com\/pt-pt\/vehiculo\/policia\/#primaryimage"},"thumbnailUrl":"https:\/\/transtelsa.com\/wp-content\/uploads\/2023\/04\/vehiculos-adaptados-policial-png.png","datePublished":"2023-04-14T07:16:18+00:00","dateModified":"2024-03-20T14:24:14+00:00","inLanguage":"pt-PT","potentialAction":[{"@type":"ReadAction","target":["https:\/\/transtelsa.com\/pt-pt\/vehiculo\/policia\/"]}]},{"@type":"ImageObject","inLanguage":"pt-PT","@id":"https:\/\/transtelsa.com\/pt-pt\/vehiculo\/policia\/#primaryimage","url":"https:\/\/transtelsa.com\/wp-content\/uploads\/2023\/04\/vehiculos-adaptados-policial-png.png","contentUrl":"https:\/\/transtelsa.com\/wp-content\/uploads\/2023\/04\/vehiculos-adaptados-policial-png.png","width":666,"height":375,"caption":"vehiculos adaptados policial png"},{"@type":"WebSite","@id":"https:\/\/transtelsa.com\/#website","url":"https:\/\/transtelsa.com\/","name":"Transtel SA","description":"\u27a1\ufe0f Aluguel e Loca\u00e7\u00e3o de Ve\u00edculos Industriais | Transtel SA","publisher":{"@id":"https:\/\/transtelsa.com\/#organization"},"potentialAction":[{"@type":"SearchAction","target":{"@type":"EntryPoint","urlTemplate":"https:\/\/transtelsa.com\/?s={search_term_string}"},"query-input":{"@type":"PropertyValueSpecification","valueRequired":true,"valueName":"search_term_string"}}],"inLanguage":"pt-PT"},{"@type":"Organization","@id":"https:\/\/transtelsa.com\/#organization","name":"Transtel SA","url":"https:\/\/transtelsa.com\/","logo":{"@type":"ImageObject","inLanguage":"pt-PT","@id":"https:\/\/transtelsa.com\/#\/schema\/logo\/image\/","url":"https:\/\/transtelsa.com\/wp-content\/uploads\/2023\/03\/cropped-transtelfavicon.png","contentUrl":"https:\/\/transtelsa.com\/wp-content\/uploads\/2023\/03\/cropped-transtelfavicon.png","width":512,"height":512,"caption":"Transtel SA"},"image":{"@id":"https:\/\/transtelsa.com\/#\/schema\/logo\/image\/"},"sameAs":["https:\/\/www.facebook.com\/transtelsa","https:\/\/www.instagram.com\/transtelsa\/","https:\/\/www.linkedin.com\/company\/transtel-sa\/","https:\/\/www.youtube.com\/@transtelsa"]}]}},"_links":{"self":[{"href":"https:\/\/transtelsa.com\/pt-pt\/wp-json\/wp\/v2\/vehiculo\/3849","targetHints":{"allow":["GET"]}}],"collection":[{"href":"https:\/\/transtelsa.com\/pt-pt\/wp-json\/wp\/v2\/vehiculo"}],"about":[{"href":"https:\/\/transtelsa.com\/pt-pt\/wp-json\/wp\/v2\/types\/vehiculo"}],"wp:featuredmedia":[{"embeddable":true,"href":"https:\/\/transtelsa.com\/pt-pt\/wp-json\/wp\/v2\/media\/1841"}],"wp:attachment":[{"href":"https:\/\/transtelsa.com\/pt-pt\/wp-json\/wp\/v2\/media?parent=3849"}],"wp:term":[{"taxonomy":"categoria_vehiculo","embeddable":true,"href":"https:\/\/transtelsa.com\/pt-pt\/wp-json\/wp\/v2\/categoria_vehiculo?post=3849"}],"curies":[{"name":"wp","href":"https:\/\/api.w.org\/{rel}","templated":true}]}}