{"id":3379,"date":"2023-03-27T10:39:50","date_gmt":"2023-03-27T10:39:50","guid":{"rendered":"https:\/\/transtelsa.com\/renting-flexible\/"},"modified":"2024-02-26T11:39:34","modified_gmt":"2024-02-26T11:39:34","slug":"renting-flexible","status":"publish","type":"page","link":"https:\/\/transtelsa.com\/ca\/renting-flexible\/","title":{"rendered":"R\u00e8nting Flexible"},"content":{"rendered":"<div class=\"wpb-content-wrapper\"><p>[vc_section el_class=&#8221;seccion-1400&#8243; css=&#8221;.vc_custom_1681823003433{background-image: url(https:\/\/transtelsa.com\/wp-content\/uploads\/2023\/04\/slider-principal-renting-flexible-transtelv3.jpg?id=2025) !important;}&#8221;][vc_row content_placement=&#8221;middle&#8221;][vc_column width=&#8221;7\/12&#8243;][gsf_space desktop=&#8221;0&#8243; tablet=&#8221;0&#8243; tablet_portrait=&#8221;80&#8243; mobile_landscape=&#8221;70&#8243; mobile=&#8221;70&#8243;][vc_column_text el_class=&#8221;color-blanco,shadow,mg-bottom-15&#8243;]<\/p>\n<h1><strong>QU\u00c8 \u00c9S EL R\u00c8NTING FLEXIBLE<\/strong><\/h1>\n<p>[\/vc_column_text][vc_column_text el_class=&#8221;mg-bottom-15,color-blanco&#8221;]El <strong>r\u00e8nting flexible de Transtel<\/strong> \u00e9s una alternativa al cl\u00e0ssic r\u00e8nting que permet augmentar, canviar o reduir la flota segons les necessitats de cada empresa.<\/p>\n<p>Es tracta igualment d&#8217;un servei de lloguer a mitj\u00e0 i llarg termini que inclou tots els serveis, per\u00f2 que \u00e9s menys exigent quant als terminis m\u00ednims de contractaci\u00f3 i la penalitzaci\u00f3 per devoluci\u00f3 anticipada, que no en t\u00e9.<\/p>\n<p>Les empreses poden tenir circumst\u00e0ncies canviants i inesperades i el r\u00e8nting flexible \u00e9s el que s&#8217;adapta a l&#8217;empresa i no al contrari.<\/p>\n<p>Comptem amb una gran diversitat de vehicles destinats al r\u00e8nting flexible. Contacta&#8217;ns![\/vc_column_text][\/vc_column][vc_column width=&#8221;5\/12&#8243;][vc_row_inner el_class=&#8221;fila-form-slide&#8221;][vc_column_inner][vc_column_text el_class=&#8221;align-center,color-negro&#8221;][\/vc_column_text]\n<div class=\"wpcf7 no-js\" id=\"wpcf7-f3365-o1\" lang=\"ca\" dir=\"ltr\" data-wpcf7-id=\"3365\">\n<div class=\"screen-reader-response\"><p role=\"status\" aria-live=\"polite\" aria-atomic=\"true\"><\/p> <ul><\/ul><\/div>\n<form action=\"\/ca\/wp-json\/wp\/v2\/pages\/3379#wpcf7-f3365-o1\" method=\"post\" class=\"wpcf7-form init 2f93db486c55 cmatic-conn cmatic-aud-1 cmatic-mapd0-0 cmatic-v0974 cmatic-sent-0 cmatic-total-0\" aria-label=\"Formulari de contacte\" novalidate=\"novalidate\" data-status=\"init\">\n<fieldset class=\"hidden-fields-container\"><input type=\"hidden\" name=\"_wpcf7\" value=\"3365\" \/><input type=\"hidden\" name=\"_wpcf7_version\" value=\"6.1.4\" \/><input type=\"hidden\" name=\"_wpcf7_locale\" value=\"ca\" \/><input type=\"hidden\" name=\"_wpcf7_unit_tag\" value=\"wpcf7-f3365-o1\" \/><input type=\"hidden\" name=\"_wpcf7_container_post\" value=\"0\" \/><input type=\"hidden\" name=\"_wpcf7_posted_data_hash\" value=\"\" \/>\n<\/fieldset>\n<div class=\"form-custom background\">\n\t<div class=\"row\">\n\t\t<div class=\"vc_col-xs-12 color-negro align-center mapa-hide\">\n\t\t\t<h6><b>SOL\u00b7LICITA M\u00c9S INFORMACI\u00d3<\/b>\n\t\t\t<\/h6>\n\t\t<\/div>\n\t\t<div class=\"vc_col-xs-12 color-negro align-center mg-bottom-15 mapa-hide\">\n\t\t\t<p>Omple el seg\u00fcent formulari i ens posarem en contacte per ajudar-te amb la contractaci\u00f3 dels teus vehicles\n\t\t\t<\/p>\n\t\t<\/div>\n\t\t<div class=\"vc_col-sm-6 vc_col-xs-12\">\n\t\t\t<p><span class=\"wpcf7-form-control-wrap\" data-name=\"nombre\"><input size=\"40\" maxlength=\"400\" class=\"wpcf7-form-control wpcf7-text wpcf7-validates-as-required\" aria-required=\"true\" aria-invalid=\"false\" placeholder=\"Nom\" value=\"\" type=\"text\" name=\"nombre\" \/><\/span>\n\t\t\t<\/p>\n\t\t<\/div>\n\t\t<div class=\"vc_col-sm-6 vc_col-xs-12\">\n\t\t\t<p><span class=\"wpcf7-form-control-wrap\" data-name=\"apellidos\"><input size=\"40\" maxlength=\"400\" class=\"wpcf7-form-control wpcf7-text wpcf7-validates-as-required\" aria-required=\"true\" aria-invalid=\"false\" placeholder=\"Cognoms\" value=\"\" type=\"text\" name=\"apellidos\" \/><\/span>\n\t\t\t<\/p>\n\t\t<\/div>\n\t\t<div class=\"vc_col-sm-6 vc_col-xs-12\">\n\t\t\t<p><span class=\"wpcf7-form-control-wrap\" data-name=\"email-668\"><input size=\"40\" maxlength=\"400\" class=\"wpcf7-form-control wpcf7-email wpcf7-validates-as-required wpcf7-text wpcf7-validates-as-email\" aria-required=\"true\" aria-invalid=\"false\" placeholder=\"El teu e-mail\" value=\"\" type=\"email\" name=\"email-668\" \/><\/span>\n\t\t\t<\/p>\n\t\t<\/div>\n\t\t<div class=\"vc_col-sm-6 vc_col-xs-12\">\n\t\t\t<p><span class=\"wpcf7-form-control-wrap\" data-name=\"telefono\"><input size=\"40\" maxlength=\"400\" class=\"wpcf7-form-control wpcf7-text wpcf7-validates-as-required\" aria-required=\"true\" aria-invalid=\"false\" placeholder=\"Tel\u00e8fon\" value=\"\" type=\"text\" name=\"telefono\" \/><\/span>\n\t\t\t<\/p>\n\t\t<\/div>\n\t\t<div class=\"vc_col-xs-12\">\n\t\t\t<p><span class=\"wpcf7-form-control-wrap\" data-name=\"localizacion\"><input size=\"40\" maxlength=\"400\" class=\"wpcf7-form-control wpcf7-text wpcf7-validates-as-required\" aria-required=\"true\" aria-invalid=\"false\" placeholder=\"Localitzaci\u00f3\" value=\"\" type=\"text\" name=\"localizacion\" \/><\/span>\n\t\t\t<\/p>\n\t\t<\/div>\n\t\t<div class=\"vc_col-xs-12\">\n\t\t\t<p><span class=\"wpcf7-form-control-wrap\" data-name=\"empresa\"><input size=\"40\" maxlength=\"400\" class=\"wpcf7-form-control wpcf7-text wpcf7-validates-as-required\" aria-required=\"true\" aria-invalid=\"false\" placeholder=\"Empresa\" value=\"\" type=\"text\" name=\"empresa\" \/><\/span>\n\t\t\t<\/p>\n\t\t<\/div>\n\t\t<div class=\"vc_col-xs-12\">\n\t\t\t<p><span class=\"wpcf7-form-control-wrap\" data-name=\"textarea-660\"><textarea cols=\"40\" rows=\"10\" maxlength=\"2000\" class=\"wpcf7-form-control wpcf7-textarea wpcf7-validates-as-required\" aria-required=\"true\" aria-invalid=\"false\" placeholder=\"Consulta\" name=\"textarea-660\"><\/textarea><\/span>\n\t\t\t<\/p>\n\t\t<\/div>\n\t\t<div class=\"vc_col-sm-6 vc_col-xs-12\">\n\t\t<\/div>\n\t\t<div class=\"vc_col-xs-12 fila-politicas align-center\">\n\t\t\t<div>\n\t\t\t\t<p><span class=\"wpcf7-form-control-wrap\" data-name=\"acceptance-743\"><span class=\"wpcf7-form-control wpcf7-checkbox wpcf7-validates-as-required\"><span class=\"wpcf7-list-item first last\"><input type=\"checkbox\" name=\"acceptance-743[]\" value=\"S\u00ed\" \/><span class=\"wpcf7-list-item-label\">S\u00ed<\/span><\/span><\/span><\/span> S\u00ed, he llegit i accepto la <strong><a href=\"\/politica-de-privacidad\" target=\"_blank\" class=\"color-principal\">pol\u00edtica de privadesa<\/a><\/strong>\n\t\t\t\t<\/p>\n\t\t\t<\/div>\n\t\t\t<div>\n\t\t\t\t<p><span class=\"wpcf7-form-control-wrap\" data-name=\"aceptacion-publi\"><span class=\"wpcf7-form-control wpcf7-checkbox\"><span class=\"wpcf7-list-item first last\"><input type=\"checkbox\" name=\"aceptacion-publi[]\" value=\"S\u00ed\" \/><span class=\"wpcf7-list-item-label\">S\u00ed<\/span><\/span><\/span><\/span> S\u00ed, accepto rebre novetats de <strong class=\"color-principal\">TransTel SA<\/strong>\n\t\t\t\t<\/p>\n\t\t\t<\/div>\n\t\t<\/div>\n\t\t<div class=\"vc_col-xs-12 fuente-principal align-center\">\n\t\t\t<p><input class=\"wpcf7-form-control wpcf7-submit has-spinner\" type=\"submit\" value=\"Enviar\" \/>\n\t\t\t<\/p>\n\t\t<\/div>\n\t\t<p><span id=\"wpcf7-69f419b1c487d-wrapper\" class=\"wpcf7-form-control-wrap your-name-wrap\" style=\"display:none !important; visibility:hidden !important;\"><label for=\"wpcf7-69f419b1c487d-field\" class=\"hp-message\">Deixeu aquest camp buit.<\/label><input id=\"wpcf7-69f419b1c487d-field\"  class=\"wpcf7-form-control wpcf7-text\" type=\"text\" name=\"your-name\" value=\"\" size=\"40\" tabindex=\"-1\" autocomplete=\"new-password\" \/><\/span>\n\t\t<\/p>\n\t<\/div>\n<\/div><div class=\"wpcf7-response-output\" aria-hidden=\"true\"><\/div>\n<\/form>\n<\/div>\n[\/vc_column_inner][\/vc_row_inner][\/vc_column][\/vc_row][vc_row][vc_column][gsf_space desktop=&#8221;0&#8243; tablet=&#8221;0&#8243; tablet_portrait=&#8221;80&#8243; mobile_landscape=&#8221;70&#8243; mobile=&#8221;70&#8243;][\/vc_column][\/vc_row][\/vc_section][vc_section content_width=&#8221;full&#8221;][vc_row content_width=&#8221;full&#8221; equal_height=&#8221;yes&#8221; el_class=&#8221;destacados-transtel,color-blanco&#8221;][vc_column width=&#8221;1\/3&#8243; css=&#8221;.vc_custom_1680174555869{background-image: url(https:\/\/transtelsa.com\/wp-content\/uploads\/2023\/03\/caracteristica-renting-flexible-1.jpg?id=759) !important;}&#8221;][vc_row_inner][vc_column_inner][vc_column_text el_class=&#8221;mg-bottom-15&#8243;]<\/p>\n<h4><strong>M\u00c9S RENDIBILITAT<\/strong><\/h4>\n<p>[\/vc_column_text][vc_column_text el_class=&#8221;mg-bottom-15&#8243;]El r\u00e8nting com a soluci\u00f3 financera permet ajustar els costos, sense fer inversions, ni immobilitzar recursos.<\/p>\n<p>I amb el r\u00e8nting flexible a m\u00e9s, incorpores la possibilitat que poguessin sorgir canvis en les necessitats de la teva flota, sense sobrevenir costos innecessaris.[\/vc_column_text][\/vc_column_inner][\/vc_row_inner][\/vc_column][vc_column width=&#8221;1\/3&#8243; css=&#8221;.vc_custom_1680174565455{background-image: url(https:\/\/transtelsa.com\/wp-content\/uploads\/2023\/03\/caracteristica-renting-flexible-2.jpg?id=760) !important;}&#8221;][vc_row_inner][vc_column_inner][vc_column_text el_class=&#8221;mg-bottom-15&#8243;]<\/p>\n<h4><strong>M\u00c0XIMA FLEXIBILITAT<\/strong><\/h4>\n<p>[\/vc_column_text][vc_column_text el_class=&#8221;mg-bottom-15&#8243;]Quan la teva empresa necessiti un vehicle, en tens. I quan ja no ho vulguis, torna-ho.<\/p>\n<p>Estoc per a lloguers flexibles entre 3 i 24 mesos. Flexibilitat en els terminis de contractaci\u00f3 entre 24 i 60 mesos[\/vc_column_text][\/vc_column_inner][\/vc_row_inner][\/vc_column][vc_column width=&#8221;1\/3&#8243; css=&#8221;.vc_custom_1680174576151{background-image: url(https:\/\/transtelsa.com\/wp-content\/uploads\/2023\/03\/caracteristica-renting-flexible-3.jpg?id=761) !important;}&#8221;][vc_row_inner][vc_column_inner][vc_column_text el_class=&#8221;mg-bottom-15&#8243;]<\/p>\n<h4><strong>SERVEI INTEGRAL<\/strong><\/h4>\n<p>[\/vc_column_text][vc_column_text el_class=&#8221;mg-bottom-15&#8243;]El r\u00e8nting flexible inclou els mateixos avantatges del servei integral Transtel.<\/p>\n<p>Un servei basat en l\u00b4excel\u00b7l\u00e8ncia ofert als nostres clients des de fa 30 anys que podr\u00e0s gaudir en totes les modalitats de contractaci\u00f3.[\/vc_column_text][\/vc_column_inner][\/vc_row_inner][\/vc_column][\/vc_row][\/vc_section][vc_section content_width=&#8221;full&#8221;][vc_row][vc_column][gsf_space desktop=&#8221;90&#8243; tablet=&#8221;70&#8243; tablet_portrait=&#8221;60&#8243; mobile_landscape=&#8221;50&#8243; mobile=&#8221;40&#8243;][\/vc_column][\/vc_row][vc_row][vc_column][vc_column_text el_class=&#8221;mg-bottom-20,color-negro&#8221;]<\/p>\n<h2><strong>EL R\u00c8NTING FLEXIBLE DE TRANSTEL<\/strong><\/h2>\n<p>[\/vc_column_text][vc_column_text el_class=&#8221;mg-bottom-20,color-rojo&#8221;]<\/p>\n<h5><strong>La soluci\u00f3 financera i operativa m\u00e9s flexible per a la teva flota de vehicles<\/strong><\/h5>\n<p>[\/vc_column_text][\/vc_column][\/vc_row][vc_row container_width=&#8221;limit&#8221; content_placement=&#8221;middle&#8221; el_class=&#8221;reverse-column&#8221;][vc_column width=&#8221;1\/2&#8243;][vc_single_image image=&#8221;762&#8243; img_size=&#8221;full&#8221; el_class=&#8221;mg-bottom-10&#8243;][\/vc_column][vc_column width=&#8221;1\/2&#8243;][vc_column_text el_class=&#8221;color-negro,mg-bottom-20&#8243;]Despr\u00e9s de diverses d\u00e8cades especialitzats en el <strong>lloguer i r\u00e8nting de vehicles industrials<\/strong> , fa uns anys vam ser pioners a crear el r\u00e8nting flexible, una soluci\u00f3 financera i operativa molt innovadora i competitiva per a les empreses.<\/p>\n<p>El r\u00e8nting ja era un <strong>servei integral de lloguer a mitj\u00e0 i llarg termini molt rendible per a l&#8217;empresa<\/strong> . A nivell econ\u00f2mic, permet gaudir d&#8217;un b\u00e9 sense haver d&#8217;immobilitzar recursos financers podent destinar-los a altres inversions, ia nivell operatiu, per una quota mensual fixa, l&#8217;empresa s&#8217;assegura disposar de vehicles sempre en servei amb manteniments en regla aix\u00ed com vehicles de substituci\u00f3 en avaries de llarga durada.<\/p>\n<p>Per\u00f2 l&#8217;experi\u00e8ncia ens deia que les circumst\u00e0ncies de les empreses i les seves necessitats poden canviar, i per aix\u00f2, fa uns anys, a Transtel vam dissenyar una soluci\u00f3 m\u00e9s flexible que s&#8217;adapt\u00e9s a l&#8217;empresa i no pas al rev\u00e9s, el <strong>r\u00e8nting flexible.<\/strong><\/p>\n<p>Si tens dubtes sobre aquest servei, posa&#8217;t en contacte amb nosaltres i un assessor resoldr\u00e0 totes les preguntes.[\/vc_column_text][\/vc_column][\/vc_row][vc_row][vc_column][gsf_space desktop=&#8221;90&#8243; tablet=&#8221;70&#8243; tablet_portrait=&#8221;60&#8243; mobile_landscape=&#8221;50&#8243; mobile=&#8221;40&#8243;][\/vc_column][\/vc_row][\/vc_section][vc_section el_class=&#8221;&#8221; css=&#8221;.vc_custom_1681977348240{background-image: url(https:\/\/transtelsa.com\/wp-content\/uploads\/2023\/03\/foto-background-renting-flexible-transtel.jpg?id=636) !important;}&#8221;][vc_row][vc_column][gsf_space desktop=&#8221;90&#8243; tablet=&#8221;70&#8243; tablet_portrait=&#8221;60&#8243; mobile_landscape=&#8221;50&#8243; mobile=&#8221;40&#8243;][vc_column_text el_class=&#8221;align-center,color-rojo,mg-bottom-20&#8243;]<\/p>\n<h3><strong>DIFER\u00c8NCIES ENTRE R\u00c8NTING I R\u00c8NTING FLEXIBLE<\/strong><\/h3>\n<p>[\/vc_column_text][vc_column_text el_class=&#8221;mg-bottom-30,color-negro,align-center&#8221;]<\/p>\n<h6>Quan Transtel crea el r\u00e8nting flexible, ho fa partint de la majoria dels avantatges del r\u00e8nting normal, encara que la nova soluci\u00f3 s\u00ed que t\u00e9 algunes difer\u00e8ncies substancials que hem volgut destacar en aquesta comparativa.<\/h6>\n<p>[\/vc_column_text][gsf_space desktop=&#8221;20&#8243; tablet=&#8221;20&#8243; tablet_portrait=&#8221;10&#8243; mobile_landscape=&#8221;10&#8243; mobile=&#8221;40&#8243;][vc_column_text el_class=&#8221;mg-bottom-30,tabla-renting&#8221;]<\/p>\n<table>\n<thead>\n<tr>\n<th><\/th>\n<th><strong>R\u00c8NTING<\/strong><\/th>\n<th><strong>R\u00c8NTING FLEXIBLE<\/strong><\/th>\n<\/tr>\n<\/thead>\n<tbody>\n<tr>\n<td>Tipus de vehicles<\/td>\n<td>Vehicles a estrenar dissenyats a mida<\/td>\n<td>Vehicles seminous disponibles en estoc<\/td>\n<\/tr>\n<tr>\n<td>Terminis de contractaci\u00f3<\/td>\n<td>24 &#8211; 60 mesos<\/td>\n<td>3 &#8211; 24 mesos<\/td>\n<\/tr>\n<tr>\n<td>Penalitzaci\u00f3 per devoluci\u00f3 anticipada<\/td>\n<td>S\u00ed<\/td>\n<td>No<\/td>\n<\/tr>\n<tr>\n<td>Manteniments preventius i correctius<\/td>\n<td><img loading=\"lazy\" decoding=\"async\" class=\"alignnone size-full wp-image-643\" src=\"https:\/\/transtelsa.com\/wp-content\/uploads\/2023\/03\/check.png\" alt=\"\" width=\"18\" height=\"13\"><\/td>\n<td> <img loading=\"lazy\" decoding=\"async\" class=\"alignnone size-full wp-image-643\" src=\"https:\/\/transtelsa.com\/wp-content\/uploads\/2023\/03\/check.png\" alt=\"\" width=\"18\" height=\"13\"><\/td>\n<\/tr>\n<tr>\n<td>Assist\u00e8ncia a la carretera<\/td>\n<td> <img loading=\"lazy\" decoding=\"async\" class=\"alignnone size-full wp-image-643\" src=\"https:\/\/transtelsa.com\/wp-content\/uploads\/2023\/03\/check.png\" alt=\"\" width=\"18\" height=\"13\"><\/td>\n<td> <img loading=\"lazy\" decoding=\"async\" class=\"alignnone size-full wp-image-643\" src=\"https:\/\/transtelsa.com\/wp-content\/uploads\/2023\/03\/check.png\" alt=\"\" width=\"18\" height=\"13\"><\/td>\n<\/tr>\n<tr>\n<td>Cobertura en avaries, substituci\u00f3 de pneum\u00e0tics<\/td>\n<td> <img loading=\"lazy\" decoding=\"async\" class=\"alignnone size-full wp-image-643\" src=\"https:\/\/transtelsa.com\/wp-content\/uploads\/2023\/03\/check.png\" alt=\"\" width=\"18\" height=\"13\"><\/td>\n<td> <img loading=\"lazy\" decoding=\"async\" class=\"alignnone size-full wp-image-643\" src=\"https:\/\/transtelsa.com\/wp-content\/uploads\/2023\/03\/check.png\" alt=\"\" width=\"18\" height=\"13\"><\/td>\n<\/tr>\n<tr>\n<td>Asseguran\u00e7a de cobertura a tot risc<\/td>\n<td> <img loading=\"lazy\" decoding=\"async\" class=\"alignnone size-full wp-image-643\" src=\"https:\/\/transtelsa.com\/wp-content\/uploads\/2023\/03\/check.png\" alt=\"\" width=\"18\" height=\"13\"><\/td>\n<td> <img loading=\"lazy\" decoding=\"async\" class=\"alignnone size-full wp-image-643\" src=\"https:\/\/transtelsa.com\/wp-content\/uploads\/2023\/03\/check.png\" alt=\"\" width=\"18\" height=\"13\"><\/td>\n<\/tr>\n<\/tbody>\n<\/table>\n<p>[\/vc_column_text][gsf_space desktop=&#8221;90&#8243; tablet=&#8221;70&#8243; tablet_portrait=&#8221;60&#8243; mobile_landscape=&#8221;50&#8243; mobile=&#8221;40&#8243;][\/vc_column][\/vc_row][\/vc_section][vc_row content_width=&#8221;full&#8221;][vc_column][\/vc_column][\/vc_row][vc_row content_width=&#8221;full&#8221;][vc_column]<div class=\"templatera_shortcode\">\t\t<section class=\"vc_section vc_custom_1680083060106 vc_section-has-fill\">\n\t\t\t\t\t\t\t\t\t<div class=\"vc_row wpb_row vc_row-fluid\">\n            \t\t\t\t\t\t\t<div class=\"gf-container container\">\n\t\t\t\t\t\t\t\t<div class=\"wpb_column vc_column_container vc_col-sm-12\"><div class=\"vc_column-inner\"><div class=\"wpb_wrapper\"><div class=\"g5plus-space space-69f419b1d2f73\" data-id=\"69f419b1d2f73\" data-tablet=\"70\" data-tablet-portrait=\"60\" data-mobile=\"40\" data-mobile-landscape=\"50\" style=\"clear: both; display: block; height: 90px\"><\/div>\n\t<div class=\"wpb_text_column wpb_content_element mg-bottom-20 color-negro\" >\n\t\t<div class=\"wpb_wrapper\">\n\t\t\t<h2><strong>EL BLOC DE TRANSTEL<\/strong><\/h2>\n\n\t\t<\/div>\n\t<\/div>\n\n\t<div class=\"wpb_text_column wpb_content_element mg-bottom-20 color-rojo\" >\n\t\t<div class=\"wpb_wrapper\">\n\t\t\t<h5><strong>No us perdeu totes les nostres not\u00edcies i l'actualitat del sector<\/strong><\/h5>\n\n\t\t<\/div>\n\t<\/div>\n<div class=\"gf-posts cate-filter-left clearfix\">\n\t<div data-items-wrapper class=\"gf-blog-wrap clearfix\">\n\t\t<div data-owl-options='{\"items\":3,\"margin\":30,\"slideBy\":3,\"dots\":false,\"nav\":false,\"responsive\":{\"1200\":{\"items\":3,\"margin\":30,\"slideBy\":3},\"992\":{\"items\":3,\"margin\":30,\"slideBy\":3},\"768\":{\"items\":3,\"margin\":30,\"slideBy\":3},\"600\":{\"items\":2,\"margin\":30,\"slideBy\":2},\"0\":{\"items\":1,\"margin\":0,\"slideBy\":1}},\"autoHeight\":true,\"loop\":true,\"autoplay\":true,\"autoplayTimeout\":5000}' data-items-container=\"true\" class=\"gf-blog-inner clearfix layout-grid post-skin-01 owl-carousel owl-theme\">\n\t\t<article class=\"clearfix post-default post-skin-01 post-grid post-5022 post type-post status-publish format-standard has-post-thumbnail hentry\">\n\t<div class=\"gf-post-inner clearfix\">\n\t\t\t\t<div class=\"entry-thumb-wrap entry-thumb-mode-background entry-thumb-format-\">\n\t\t\n\t\t\t        \t\t<div class=\"entry-thumbnail\">\n    <a data-magnific=\"true\" data-gallery-id=\"\" data-magnific-options='[]' href=\"https:\/\/transtelsa.com\/wp-content\/uploads\/2024\/09\/camion-caja-cerrada-alquiler-vehiculos-industriales-transtel.jpeg\" class=\"zoom-image\"><i class=\"fa fa-expand\"><\/i><\/a>\n\n    \n    \n\n\n\t\t\t\t\t\t\t\t<a style=\"background-image: url(https:\/\/transtelsa.com\/wp-content\/uploads\/2024\/09\/camion-caja-cerrada-alquiler-vehiculos-industriales-transtel-555x330.jpeg);\" class=\"entry-thumbnail-overlay placeholder-image thumbnail-size-blog-medium\" href=\"https:\/\/transtelsa.com\/ca\/blog\/todo-lo-que-necesitas-saber-sobre-el-camion-de-caja-cerrada\/\" title=\"Todo lo que necesitas saber sobre el cami\u00f3n de caja cerrada\"><\/a>\n\t\t\t<\/div>\n\n\n\t\n\t\t\t<\/div>\n\n\t\t<div class=\"gf-post-content\">\n                        <div class=\"color-rojo my-meta mg-bottom-10\"><ul class=\"gf-post-meta gf-inline\">\n\t<li class=\"meta-date\">\n\t\t<i class=\"ion-ios-calendar-outline\"><\/i> <a href=\"https:\/\/transtelsa.com\/ca\/blog\/todo-lo-que-necesitas-saber-sobre-el-camion-de-caja-cerrada\/\" rel=\"bookmark\" title=\"Todo lo que necesitas saber sobre el cami\u00f3n de caja cerrada\"> 29 de desembre de 2023 <\/a>\n\t<\/li>\n    <li class=\"meta-comment\">\n        <i class=\"ion-chatbubble-working\"><\/i> 0    <\/li>\n    \t<\/ul>\n\n Sense categoria<\/div>\n            <div class=\"color-negro mg-bottom-10\"><h4 class=\"gf-post-title heading-color\"><a title=\"Todo lo que necesitas saber sobre el cami\u00f3n de caja cerrada\" href=\"https:\/\/transtelsa.com\/ca\/blog\/todo-lo-que-necesitas-saber-sobre-el-camion-de-caja-cerrada\/\" class=\"gsf-link\">Todo lo que necesitas saber sobre el cami\u00f3n de caja cerrada<\/a><\/h4>\n<\/div>\n            <div class=\"grid-excerpt mg-bottom-10\"><p class=\"color-gris\">Os cami\u00f5es de caixa fechada s\u00e3o uma pe\u00e7a fundamental no mundo do transporte e da log\u00edstica, sendo utilizados para uma grande variedade de tarefas no sector industrial e comercial. E na TransTel,...<\/p><\/div>\n            <a href=\"https:\/\/transtelsa.com\/ca\/blog\/todo-lo-que-necesitas-saber-sobre-el-camion-de-caja-cerrada\/\" class=\"color-rojo uppercase\"><b>Llegeix m\u00e9s<\/b><i class=\"fas fa-angle-right\"><\/i><\/a>\n\n\t\t<\/div>\n\t<\/div>\n<\/article>\t<\/div>\n\t<\/div>\n\n\n\n<\/div><div class=\"g5plus-space space-69f419b1dc164\" data-id=\"69f419b1dc164\" data-tablet=\"40\" data-tablet-portrait=\"30\" data-mobile=\"20\" data-mobile-landscape=\"20\" style=\"clear: both; display: block; height: 50px\"><\/div>\n\t<div class=\"wpb_raw_code wpb_raw_html wpb_content_element align-center mg-bottom-30\" >\n\t\t<div class=\"wpb_wrapper\">\n\t\t\t<a class=\"btn-color\" href=\"\/ca\/blog\">ANAR AL BLOG<\/a>\n\t\t<\/div>\n\t<\/div>\n<div class=\"g5plus-space space-69f419b1dc6b2\" data-id=\"69f419b1dc6b2\" data-tablet=\"40\" data-tablet-portrait=\"30\" data-mobile=\"20\" data-mobile-landscape=\"20\" style=\"clear: both; display: block; height: 50px\"><\/div><div class=\"gsf-border-container gsf-border-69f419b1dc946\">\n<\/div><div class=\"g5plus-space space-69f419b1dcbb5\" data-id=\"69f419b1dcbb5\" data-tablet=\"70\" data-tablet-portrait=\"60\" data-mobile=\"40\" data-mobile-landscape=\"50\" style=\"clear: both; display: block; height: 90px\"><\/div><\/div><\/div><\/div>\t\t\t\t\t\t\t<\/div>\n\t\t\t\n\t\t<\/div>\n\t\t<div class=\"vc_row wpb_row vc_row-fluid no-bg-mobile fila-mapa-form vc_custom_1727157955731 vc_row-has-fill\">\n            \t\t\t\t\t\t\t<div class=\"gf-container container\">\n\t\t\t\t\t\t\t\t<div class=\"wpb_column vc_column_container vc_col-sm-12\"><div class=\"vc_column-inner\"><div class=\"wpb_wrapper\"><div class=\"vc_row wpb_row vc_inner vc_row-fluid reverse-column\"><div class=\"wpb_column vc_column_container vc_col-sm-6\"><div class=\"vc_column-inner\"><div class=\"wpb_wrapper\"><\/div><\/div><\/div><div class=\"wpb_column vc_column_container vc_col-sm-6\"><div class=\"vc_column-inner\"><div class=\"wpb_wrapper\">\n\t<div class=\"wpb_text_column wpb_content_element mg-bottom-20 color-negro\" >\n\t\t<div class=\"wpb_wrapper\">\n\t\t\t<h2><strong>QU\u00c8 PODEM FER PER TU?.<\/strong><\/h2>\n\n\t\t<\/div>\n\t<\/div>\n\n\t<div class=\"wpb_text_column wpb_content_element mg-bottom-20 color-rojo\" >\n\t\t<div class=\"wpb_wrapper\">\n\t\t\t<h5><strong>Deixa'ns oferir-te una soluci\u00f3 a trav\u00e9s de la nostra Assessoria Personalitzada de Flota, o envia'ns la teva consulta.<\/strong><\/h5>\n\n\t\t<\/div>\n\t<\/div>\n\n<div class=\"wpcf7 no-js\" id=\"wpcf7-f3365-o2\" lang=\"ca\" dir=\"ltr\" data-wpcf7-id=\"3365\">\n<div class=\"screen-reader-response\"><p role=\"status\" aria-live=\"polite\" aria-atomic=\"true\"><\/p> <ul><\/ul><\/div>\n<form action=\"\/ca\/wp-json\/wp\/v2\/pages\/3379#wpcf7-f3365-o2\" method=\"post\" class=\"wpcf7-form init 2f93db486c55 cmatic-conn cmatic-aud-1 cmatic-mapd0-0 cmatic-v0974 cmatic-sent-0 cmatic-total-0\" aria-label=\"Formulari de contacte\" novalidate=\"novalidate\" data-status=\"init\">\n<fieldset class=\"hidden-fields-container\"><input type=\"hidden\" name=\"_wpcf7\" value=\"3365\" \/><input type=\"hidden\" name=\"_wpcf7_version\" value=\"6.1.4\" \/><input type=\"hidden\" name=\"_wpcf7_locale\" value=\"ca\" \/><input type=\"hidden\" name=\"_wpcf7_unit_tag\" value=\"wpcf7-f3365-o2\" \/><input type=\"hidden\" name=\"_wpcf7_container_post\" value=\"0\" \/><input type=\"hidden\" name=\"_wpcf7_posted_data_hash\" value=\"\" \/>\n<\/fieldset>\n<div class=\"form-custom background\">\n\t<div class=\"row\">\n\t\t<div class=\"vc_col-xs-12 color-negro align-center mapa-hide\">\n\t\t\t<h6><b>SOL\u00b7LICITA M\u00c9S INFORMACI\u00d3<\/b>\n\t\t\t<\/h6>\n\t\t<\/div>\n\t\t<div class=\"vc_col-xs-12 color-negro align-center mg-bottom-15 mapa-hide\">\n\t\t\t<p>Omple el seg\u00fcent formulari i ens posarem en contacte per ajudar-te amb la contractaci\u00f3 dels teus vehicles\n\t\t\t<\/p>\n\t\t<\/div>\n\t\t<div class=\"vc_col-sm-6 vc_col-xs-12\">\n\t\t\t<p><span class=\"wpcf7-form-control-wrap\" data-name=\"nombre\"><input size=\"40\" maxlength=\"400\" class=\"wpcf7-form-control wpcf7-text wpcf7-validates-as-required\" aria-required=\"true\" aria-invalid=\"false\" placeholder=\"Nom\" value=\"\" type=\"text\" name=\"nombre\" \/><\/span>\n\t\t\t<\/p>\n\t\t<\/div>\n\t\t<div class=\"vc_col-sm-6 vc_col-xs-12\">\n\t\t\t<p><span class=\"wpcf7-form-control-wrap\" data-name=\"apellidos\"><input size=\"40\" maxlength=\"400\" class=\"wpcf7-form-control wpcf7-text wpcf7-validates-as-required\" aria-required=\"true\" aria-invalid=\"false\" placeholder=\"Cognoms\" value=\"\" type=\"text\" name=\"apellidos\" \/><\/span>\n\t\t\t<\/p>\n\t\t<\/div>\n\t\t<div class=\"vc_col-sm-6 vc_col-xs-12\">\n\t\t\t<p><span class=\"wpcf7-form-control-wrap\" data-name=\"email-668\"><input size=\"40\" maxlength=\"400\" class=\"wpcf7-form-control wpcf7-email wpcf7-validates-as-required wpcf7-text wpcf7-validates-as-email\" aria-required=\"true\" aria-invalid=\"false\" placeholder=\"El teu e-mail\" value=\"\" type=\"email\" name=\"email-668\" \/><\/span>\n\t\t\t<\/p>\n\t\t<\/div>\n\t\t<div class=\"vc_col-sm-6 vc_col-xs-12\">\n\t\t\t<p><span class=\"wpcf7-form-control-wrap\" data-name=\"telefono\"><input size=\"40\" maxlength=\"400\" class=\"wpcf7-form-control wpcf7-text wpcf7-validates-as-required\" aria-required=\"true\" aria-invalid=\"false\" placeholder=\"Tel\u00e8fon\" value=\"\" type=\"text\" name=\"telefono\" \/><\/span>\n\t\t\t<\/p>\n\t\t<\/div>\n\t\t<div class=\"vc_col-xs-12\">\n\t\t\t<p><span class=\"wpcf7-form-control-wrap\" data-name=\"localizacion\"><input size=\"40\" maxlength=\"400\" class=\"wpcf7-form-control wpcf7-text wpcf7-validates-as-required\" aria-required=\"true\" aria-invalid=\"false\" placeholder=\"Localitzaci\u00f3\" value=\"\" type=\"text\" name=\"localizacion\" \/><\/span>\n\t\t\t<\/p>\n\t\t<\/div>\n\t\t<div class=\"vc_col-xs-12\">\n\t\t\t<p><span class=\"wpcf7-form-control-wrap\" data-name=\"empresa\"><input size=\"40\" maxlength=\"400\" class=\"wpcf7-form-control wpcf7-text wpcf7-validates-as-required\" aria-required=\"true\" aria-invalid=\"false\" placeholder=\"Empresa\" value=\"\" type=\"text\" name=\"empresa\" \/><\/span>\n\t\t\t<\/p>\n\t\t<\/div>\n\t\t<div class=\"vc_col-xs-12\">\n\t\t\t<p><span class=\"wpcf7-form-control-wrap\" data-name=\"textarea-660\"><textarea cols=\"40\" rows=\"10\" maxlength=\"2000\" class=\"wpcf7-form-control wpcf7-textarea wpcf7-validates-as-required\" aria-required=\"true\" aria-invalid=\"false\" placeholder=\"Consulta\" name=\"textarea-660\"><\/textarea><\/span>\n\t\t\t<\/p>\n\t\t<\/div>\n\t\t<div class=\"vc_col-sm-6 vc_col-xs-12\">\n\t\t<\/div>\n\t\t<div class=\"vc_col-xs-12 fila-politicas align-center\">\n\t\t\t<div>\n\t\t\t\t<p><span class=\"wpcf7-form-control-wrap\" data-name=\"acceptance-743\"><span class=\"wpcf7-form-control wpcf7-checkbox wpcf7-validates-as-required\"><span class=\"wpcf7-list-item first last\"><input type=\"checkbox\" name=\"acceptance-743[]\" value=\"S\u00ed\" \/><span class=\"wpcf7-list-item-label\">S\u00ed<\/span><\/span><\/span><\/span> S\u00ed, he llegit i accepto la <strong><a href=\"\/politica-de-privacidad\" target=\"_blank\" class=\"color-principal\">pol\u00edtica de privadesa<\/a><\/strong>\n\t\t\t\t<\/p>\n\t\t\t<\/div>\n\t\t\t<div>\n\t\t\t\t<p><span class=\"wpcf7-form-control-wrap\" data-name=\"aceptacion-publi\"><span class=\"wpcf7-form-control wpcf7-checkbox\"><span class=\"wpcf7-list-item first last\"><input type=\"checkbox\" name=\"aceptacion-publi[]\" value=\"S\u00ed\" \/><span class=\"wpcf7-list-item-label\">S\u00ed<\/span><\/span><\/span><\/span> S\u00ed, accepto rebre novetats de <strong class=\"color-principal\">TransTel SA<\/strong>\n\t\t\t\t<\/p>\n\t\t\t<\/div>\n\t\t<\/div>\n\t\t<div class=\"vc_col-xs-12 fuente-principal align-center\">\n\t\t\t<p><input class=\"wpcf7-form-control wpcf7-submit has-spinner\" type=\"submit\" value=\"Enviar\" \/>\n\t\t\t<\/p>\n\t\t<\/div>\n\t\t<p><span id=\"wpcf7-69f419b1de563-wrapper\" class=\"wpcf7-form-control-wrap your-name-wrap\" style=\"display:none !important; visibility:hidden !important;\"><label for=\"wpcf7-69f419b1de563-field\" class=\"hp-message\">Deixeu aquest camp buit.<\/label><input id=\"wpcf7-69f419b1de563-field\"  class=\"wpcf7-form-control wpcf7-text\" type=\"text\" name=\"your-name\" value=\"\" size=\"40\" tabindex=\"-1\" autocomplete=\"new-password\" \/><\/span>\n\t\t<\/p>\n\t<\/div>\n<\/div><div class=\"wpcf7-response-output\" aria-hidden=\"true\"><\/div>\n<\/form>\n<\/div>\n<div class=\"g5plus-space space-69f419b1ea4cf\" data-id=\"69f419b1ea4cf\" data-tablet=\"20\" data-tablet-portrait=\"20\" data-mobile=\"20\" data-mobile-landscape=\"20\" style=\"clear: both; display: block; height: 20px\"><\/div>\n\t<div  class=\"wpb_single_image wpb_content_element vc_align_left wpb_content_element  hide-desktop\">\n\t\t\n\t\t<figure class=\"wpb_wrapper vc_figure\">\n\t\t\t<div class=\"vc_single_image-wrapper   vc_box_border_grey\"><img loading=\"lazy\" decoding=\"async\" width=\"813\" height=\"757\" src=\"https:\/\/transtelsa.com\/wp-content\/uploads\/2023\/03\/que-podemos-hacer-por-ti-peninsula-iberica-mobile-1.png\" class=\"vc_single_image-img attachment-full\" alt=\"que podemos hacer por ti peninsula iberica mobile 1\" title=\"que podemos hacer por ti peninsula iberica mobile 1\" srcset=\"https:\/\/transtelsa.com\/wp-content\/uploads\/2023\/03\/que-podemos-hacer-por-ti-peninsula-iberica-mobile-1.png 813w, https:\/\/transtelsa.com\/wp-content\/uploads\/2023\/03\/que-podemos-hacer-por-ti-peninsula-iberica-mobile-1-300x279.png 300w, https:\/\/transtelsa.com\/wp-content\/uploads\/2023\/03\/que-podemos-hacer-por-ti-peninsula-iberica-mobile-1-768x715.png 768w\" sizes=\"auto, (max-width: 813px) 100vw, 813px\" \/><\/div>\n\t\t<\/figure>\n\t<\/div>\n<\/div><\/div><\/div><\/div><\/div><\/div><\/div>\t\t\t\t\t\t\t<\/div>\n\t\t\t\n\t\t<\/div>\n\t\t<div class=\"vc_row wpb_row vc_row-fluid\">\n            \t\t\t\t\t\t\t<div class=\"gf-container container\">\n\t\t\t\t\t\t\t\t<div class=\"wpb_column vc_column_container vc_col-sm-12\"><div class=\"vc_column-inner\"><div class=\"wpb_wrapper\"><div class=\"g5plus-space space-69f419b1ec1c8\" data-id=\"69f419b1ec1c8\" data-tablet=\"70\" data-tablet-portrait=\"60\" data-mobile=\"40\" data-mobile-landscape=\"50\" style=\"clear: both; display: block; height: 90px\"><\/div><\/div><\/div><\/div>\t\t\t\t\t\t\t<\/div>\n\t\t\t\n\t\t<\/div>\n\t\t\t\t\t<\/section>\n<\/div>[\/vc_column][\/vc_row]<\/p>\n<\/div>","protected":false},"excerpt":{"rendered":"QU\u00c8 \u00c9S EL R\u00c8NTING FLEXIBLE El r\u00e8nting flexible de Transtel \u00e9s una alternativa al cl\u00e0ssic r\u00e8nting que permet augmentar, canviar o reduir la flota segons les necessitats de cada empresa. Es tracta igualment d'un servei de lloguer a mitj\u00e0 i llarg termini que inclou tots els serveis, per\u00f2 que \u00e9s menys exigent quant als terminis [...]","protected":false},"author":1,"featured_media":0,"parent":0,"menu_order":0,"comment_status":"closed","ping_status":"closed","template":"","meta":{"_acf_changed":false,"footnotes":""},"class_list":["post-3379","page","type-page","status-publish","hentry"],"acf":[],"yoast_head":"<!-- This site is optimized with the Yoast SEO plugin v26.9 - https:\/\/yoast.com\/product\/yoast-seo-wordpress\/ -->\n<title>R\u00e8nting Flexible - Transtel<\/title>\n<meta name=\"robots\" content=\"index, follow, max-snippet:-1, max-image-preview:large, max-video-preview:-1\" \/>\n<link rel=\"canonical\" href=\"https:\/\/transtelsa.com\/renting-flexible\/\" \/>\n<meta property=\"og:locale\" content=\"ca_ES\" \/>\n<meta property=\"og:type\" content=\"article\" \/>\n<meta property=\"og:title\" content=\"R\u00e8nting Flexible - Transtel\" \/>\n<meta property=\"og:url\" content=\"https:\/\/transtelsa.com\/renting-flexible\/\" \/>\n<meta property=\"og:site_name\" content=\"Transtel\" \/>\n<meta property=\"article:publisher\" content=\"https:\/\/www.facebook.com\/transtelsa\" \/>\n<meta property=\"article:modified_time\" content=\"2024-02-26T11:39:34+00:00\" \/>\n<meta property=\"og:image\" content=\"https:\/\/transtelsa.com\/wp-content\/uploads\/2023\/03\/check.png\" \/>\n<meta name=\"twitter:card\" content=\"summary_large_image\" \/>\n<meta name=\"twitter:label1\" content=\"Temps estimat de lectura\" \/>\n\t<meta name=\"twitter:data1\" content=\"5 minuts\" \/>\n<!-- \/ Yoast SEO plugin. -->","yoast_head_json":{"title":"R\u00e8nting Flexible - Transtel","robots":{"index":"index","follow":"follow","max-snippet":"max-snippet:-1","max-image-preview":"max-image-preview:large","max-video-preview":"max-video-preview:-1"},"canonical":"https:\/\/transtelsa.com\/renting-flexible\/","og_locale":"ca_ES","og_type":"article","og_title":"R\u00e8nting Flexible - Transtel","og_url":"https:\/\/transtelsa.com\/renting-flexible\/","og_site_name":"Transtel","article_publisher":"https:\/\/www.facebook.com\/transtelsa","article_modified_time":"2024-02-26T11:39:34+00:00","og_image":[{"url":"https:\/\/transtelsa.com\/wp-content\/uploads\/2023\/03\/check.png","type":"","width":"","height":""}],"twitter_card":"summary_large_image","twitter_misc":{"Temps estimat de lectura":"5 minuts"},"schema":{"@context":"https:\/\/schema.org","@graph":[{"@type":"WebPage","@id":"https:\/\/transtelsa.com\/renting-flexible\/","url":"https:\/\/transtelsa.com\/renting-flexible\/","name":"R\u00e8nting Flexible - Transtel","isPartOf":{"@id":"https:\/\/transtelsa.com\/#website"},"primaryImageOfPage":{"@id":"https:\/\/transtelsa.com\/renting-flexible\/#primaryimage"},"image":{"@id":"https:\/\/transtelsa.com\/renting-flexible\/#primaryimage"},"thumbnailUrl":"https:\/\/transtelsa.com\/wp-content\/uploads\/2023\/03\/check.png","datePublished":"2023-03-27T10:39:50+00:00","dateModified":"2024-02-26T11:39:34+00:00","inLanguage":"ca","potentialAction":[{"@type":"ReadAction","target":["https:\/\/transtelsa.com\/renting-flexible\/"]}]},{"@type":"ImageObject","inLanguage":"ca","@id":"https:\/\/transtelsa.com\/renting-flexible\/#primaryimage","url":"https:\/\/transtelsa.com\/wp-content\/uploads\/2023\/03\/check.png","contentUrl":"https:\/\/transtelsa.com\/wp-content\/uploads\/2023\/03\/check.png"},{"@type":"WebSite","@id":"https:\/\/transtelsa.com\/#website","url":"https:\/\/transtelsa.com\/","name":"Transtel SA","description":"\u27a1\ufe0f Lloguer i Renting de Vehicles Industrials | Transtel SA","publisher":{"@id":"https:\/\/transtelsa.com\/#organization"},"potentialAction":[{"@type":"SearchAction","target":{"@type":"EntryPoint","urlTemplate":"https:\/\/transtelsa.com\/?s={search_term_string}"},"query-input":{"@type":"PropertyValueSpecification","valueRequired":true,"valueName":"search_term_string"}}],"inLanguage":"ca"},{"@type":"Organization","@id":"https:\/\/transtelsa.com\/#organization","name":"Transtel SA","url":"https:\/\/transtelsa.com\/","logo":{"@type":"ImageObject","inLanguage":"ca","@id":"https:\/\/transtelsa.com\/#\/schema\/logo\/image\/","url":"https:\/\/transtelsa.com\/wp-content\/uploads\/2023\/03\/cropped-transtelfavicon.png","contentUrl":"https:\/\/transtelsa.com\/wp-content\/uploads\/2023\/03\/cropped-transtelfavicon.png","width":512,"height":512,"caption":"Transtel SA"},"image":{"@id":"https:\/\/transtelsa.com\/#\/schema\/logo\/image\/"},"sameAs":["https:\/\/www.facebook.com\/transtelsa","https:\/\/www.instagram.com\/transtelsa\/","https:\/\/www.linkedin.com\/company\/transtel-sa\/","https:\/\/www.youtube.com\/@transtelsa"]}]}},"_links":{"self":[{"href":"https:\/\/transtelsa.com\/ca\/wp-json\/wp\/v2\/pages\/3379","targetHints":{"allow":["GET"]}}],"collection":[{"href":"https:\/\/transtelsa.com\/ca\/wp-json\/wp\/v2\/pages"}],"about":[{"href":"https:\/\/transtelsa.com\/ca\/wp-json\/wp\/v2\/types\/page"}],"author":[{"embeddable":true,"href":"https:\/\/transtelsa.com\/ca\/wp-json\/wp\/v2\/users\/1"}],"replies":[{"embeddable":true,"href":"https:\/\/transtelsa.com\/ca\/wp-json\/wp\/v2\/comments?post=3379"}],"version-history":[{"count":2,"href":"https:\/\/transtelsa.com\/ca\/wp-json\/wp\/v2\/pages\/3379\/revisions"}],"predecessor-version":[{"id":3383,"href":"https:\/\/transtelsa.com\/ca\/wp-json\/wp\/v2\/pages\/3379\/revisions\/3383"}],"wp:attachment":[{"href":"https:\/\/transtelsa.com\/ca\/wp-json\/wp\/v2\/media?parent=3379"}],"curies":[{"name":"wp","href":"https:\/\/api.w.org\/{rel}","templated":true}]}}